{"id":1040,"date":"2023-10-03T09:35:20","date_gmt":"2023-10-03T09:35:20","guid":{"rendered":"https:\/\/nou.simpara.ro\/?page_id=1040"},"modified":"2023-12-12T12:44:19","modified_gmt":"2023-12-12T12:44:19","slug":"activitati","status":"publish","type":"page","link":"https:\/\/simpara.ro\/?page_id=1040","title":{"rendered":"activit\u0103\u0163i"},"content":{"rendered":"\t\t<div data-elementor-type=\"wp-page\" data-elementor-id=\"1040\" class=\"elementor elementor-1040\">\n\t\t\t\t\t\t\t<div class=\"elementor-element elementor-element-26929655 e-flex e-con-boxed e-con e-parent\" data-id=\"26929655\" data-element_type=\"container\" data-settings=\"{&quot;content_width&quot;:&quot;boxed&quot;}\" data-core-v316-plus=\"true\">\n\t\t\t\t\t<div class=\"e-con-inner\">\n\t\t\t\t<div class=\"elementor-element elementor-element-fac8d3d elementor-widget elementor-widget-text-editor\" data-id=\"fac8d3d\" data-element_type=\"widget\" data-widget_type=\"text-editor.default\">\n\t\t\t\t<div class=\"elementor-widget-container\">\n\t\t\t<style>\/*! elementor - v3.17.0 - 08-11-2023 *\/\n.elementor-widget-text-editor.elementor-drop-cap-view-stacked .elementor-drop-cap{background-color:#69727d;color:#fff}.elementor-widget-text-editor.elementor-drop-cap-view-framed .elementor-drop-cap{color:#69727d;border:3px solid;background-color:transparent}.elementor-widget-text-editor:not(.elementor-drop-cap-view-default) .elementor-drop-cap{margin-top:8px}.elementor-widget-text-editor:not(.elementor-drop-cap-view-default) .elementor-drop-cap-letter{width:1em;height:1em}.elementor-widget-text-editor .elementor-drop-cap{float:left;text-align:center;line-height:1;font-size:50px}.elementor-widget-text-editor .elementor-drop-cap-letter{display:inline-block}<\/style>\t\t\t\t<!-- wp:html -->\n<div id=\"right\">\n<div id=\"fb-root\" class=\" fb_reset\">\n<div style=\"position: absolute; top: -10000px; width: 0px; height: 0px;\">\n<div>\u00a0<\/div>\n<\/div>\n<\/div>\n<script>(function(d, s, id) {\n        var js, fjs = d.getElementsByTagName(s)[0];\n        if (d.getElementById(id)) {return;}\n        js = d.createElement(s); js.id = id;\n        js.src = \"\/\/connect.facebook.net\/en_US\/all.js#xfbml=1\";\n        fjs.parentNode.insertBefore(js, fjs);\n      }(document, 'script', 'facebook-jssdk'));<\/script>\n<div class=\"fb-like fb_iframe_widget\" style=\"float: right;\" data-send=\"true\" data-width=\"320\" data-show-faces=\"false\"><span style=\"vertical-align: bottom; width: 320px; height: 20px;\"><iframe loading=\"lazy\" class=\"\" style=\"border: none; visibility: visible; width: 320px; height: 20px;\" title=\"fb:like Facebook Social Plugin\" src=\"https:\/\/www.facebook.com\/plugins\/like.php?app_id=&amp;channel=https%3A%2F%2Fstaticxx.facebook.com%2Fx%2Fconnect%2Fxd_arbiter%2F%3Fversion%3D46%23cb%3Dfdb31240a6e8b8%26domain%3Dsimpara.ro%26is_canvas%3Dfalse%26origin%3Dhttp%253A%252F%252Fsimpara.ro%252Ff1976917ad0d6a4%26relation%3Dparent.parent&amp;container_width=0&amp;href=http%3A%2F%2Fsimpara.ro%2Factivitati-108.htm&amp;locale=en_US&amp;sdk=joey&amp;send=true&amp;show_faces=false&amp;width=320\" name=\"f17d57fdde1212c\" width=\"320px\" height=\"1000px\" frameborder=\"0\" scrolling=\"no\" allowfullscreen=\"allowfullscreen\" data-testid=\"fb:like Facebook Social Plugin\"><\/iframe><\/span><\/div>\n<div class=\"content\">\n<p>\u00a0<\/p>\n<p style=\"margin: 0cm 0cm 0pt;\"><span style=\"font-size: small;\"><strong><span style=\"font-size: medium;\"><img loading=\"lazy\" decoding=\"async\" title=\"thumbnail_anunt_ara_22_2022_400_01\" src=\"\/pictures\/thumbnail_anunt_ara_22_2022_400_01.jpg\" alt=\"thumbnail_anunt_ara_22_2022_400_01\" width=\"82\" height=\"117\" align=\"left\" \/><span style=\"color: #a52a2a; font-family: book antiqua,palatino; font-size: large;\">a|r|a 22<\/span> <\/span><\/strong><\/span><\/p>\n<p><span style=\"font-size: small;\">\u00centre 5 \u0219i 7 mai 2022 a avut loc a 22-a edi\u021bie a Simpozionului \u201eArhitectur\u0103. Restaurare. Arheologie.&#8221; organizat de Asocia\u021bia ARA \u00een parteneriat cu Institutul de Arheologie \u201eVasile P\u00e2rvan&#8221; al Academiei Rom\u00e2ne. <\/span><\/p>\n<p><a href=\"\/1084-2\/\"><strong><span style=\"font-size: small;\">[program]<\/span><\/strong><\/a><\/p>\n<p><strong>08 mai 2022 <\/strong><\/p>\n<\/div>\n<div class=\"content\">\n<h2>\u00a0<\/h2>\n<p style=\"margin: 0cm 0cm 0pt;\"><span style=\"font-size: small;\"><strong><span style=\"font-size: medium;\"><img loading=\"lazy\" decoding=\"async\" title=\"thumb_ara_21_anunt_i_400_01\" src=\"\/pictures\/thumb_ara_21_anunt_i_400_01.jpg\" alt=\"thumb_ara_21_anunt_i_400_01\" width=\"82\" height=\"179\" align=\"left\" \/><span style=\"font-family: book antiqua,palatino;\">a|r|a 21<\/span> <\/span><\/strong><\/span><\/p>\n<p style=\"margin: 0cm 0cm 0pt;\"><span style=\"font-size: small;\">\u00centre 22 si 24 aprilie 2021 a avut loc Simpozionul \u201eArhitectur\u0103. Restaurare. Arheologie.&#8221; organizat de Asocia\u021bia ARA \u00een parteneriat cu Institutul de Arheologie \u201eVasile P\u00e2rvan&#8221; al Academiei Rom\u00e2ne.<\/span><\/p>\n<br \/>\n<p style=\"margin: 0cm 0cm 0pt;\">\u00a0<\/p>\n<p style=\"margin: 0cm 0cm 0pt;\"><strong><span style=\"font-size: small;\"><a href=\"\/ara-21-2\/\">[program]<\/a> <\/span><\/strong><\/p>\n<p style=\"margin: 0cm 0cm 0pt;\">\u00a0<\/p>\n<p style=\"margin: 0cm 0cm 0pt;\">\u00a0<\/p>\n<p style=\"margin: 0cm 0cm 0pt;\"><span style=\"font-size: xx-small;\"><span style=\"font-family: Arial; font-size: 10pt;\"><strong>25 aprilie 2021<\/strong><\/span><\/span><\/p>\n<p><span style=\"font-size: small;\">\u00a0<\/span><\/p>\n<p>\u00a0<\/p>\n<\/div>\n<div class=\"content\">\n<h2>\u00a0<\/h2>\n<p style=\"margin: 0cm 0cm 0pt;\"><span style=\"font-size: small;\"><strong><span style=\"font-size: medium;\"><img loading=\"lazy\" decoding=\"async\" title=\"thumb_afis_20_400\" src=\"\/pictures\/thumb_afis_20_400.jpg\" alt=\"thumb_afis_20_400\" width=\"82\" height=\"170\" align=\"left\" \/><span style=\"font-family: book antiqua,palatino;\">a|r|a 20<\/span><\/span><\/strong><\/span><\/p>\n<p style=\"margin: 0cm 0cm 0pt;\"><span style=\"font-size: small;\">\u00centre 9 si 11 mai 2019 a avut loc Simpozionul \u201eArhitectur\u0103. Restaurare. Arheologie.&#8221; organizat de Asocia\u021bia ARA \u00een parteneriat cu Institutul de Arheologie \u201eVasile P\u00e2rvan&#8221; al Academiei Rom\u00e2ne.<\/span><\/p>\n<p style=\"margin: 0cm 0cm 0pt;\">\u00a0<\/p>\n<p>\u00a0<\/p>\n<p>\u00a0<\/p>\n<p><span style=\"font-size: small;\">[<a href=\"\/1113-2\/\"><strong>program<\/strong><\/a>] <br \/><\/span><\/p>\n<p style=\"margin: 0cm 0cm 0pt;\">\u00a0<\/p>\n<p style=\"margin: 0cm 0cm 0pt;\"><span style=\"font-size: xx-small;\"><span style=\"font-family: Arial; font-size: 10pt;\"><strong>12 mai 2019<\/strong><\/span><\/span><\/p>\n<p><span style=\"font-size: small;\">\u00a0<\/span><\/p>\n<p>\u00a0<\/p>\n<\/div>\n<div class=\"content\">\n<h2>\u00a0<\/h2>\n<p style=\"margin: 0cm 0cm 0pt;\"><span style=\"font-size: small;\"><strong><span style=\"font-size: medium;\"><img loading=\"lazy\" decoding=\"async\" title=\"afis_19_sitethumb_400\" src=\"\/pictures\/afis_19_sitethumb_400.jpg\" alt=\"afis_19_sitethumb_400\" width=\"82\" height=\"190\" align=\"left\" \/><span style=\"font-family: book antiqua,palatino;\">a|r|a 19<\/span><\/span><\/strong><\/span><\/p>\n<p style=\"margin: 0cm 0cm 0pt;\"><span style=\"font-size: small;\"><a href=\"\/1123-2\/\">\u00centre 19 si 21 aprilie 2018 a avut loc Simpozionul \u201eArhitectura. Restaurare. Arheologie.&#8221; organizat de Asociatia ARA in parteneriat cu Institutul de Arheologie \u201eVasile P\u00e2rvan&#8221; al Academiei Rom\u00e2ne.<br \/><\/a> <br \/><\/span><\/p>\n<p style=\"margin: 0cm 0cm 0pt;\">\u00a0<\/p>\n<p><span style=\"font-size: small;\"><a href=\"\/1123-2\/\"><strong>[program]<\/strong><\/a> <br \/><\/span><\/p>\n<span style=\"font-size: small;\">\u00a0<\/span>\n<p style=\"margin: 0cm 0cm 0pt;\"><span style=\"font-size: xx-small;\"><span style=\"font-family: Arial; font-size: 10pt;\"><strong>22 aprilie 2018<\/strong><\/span><\/span><\/p>\n<p><span style=\"font-size: small;\">\u00a0<\/span><\/p>\n<p>\u00a0<\/p>\n<\/div>\n<div class=\"content\">\n<h2>\u00a0<\/h2>\n<p><span style=\"font-size: small;\"><strong><span style=\"font-size: medium;\"><img loading=\"lazy\" decoding=\"async\" title=\"afis_18_400_02\" src=\"\/pictures\/afis_18_400.jpg\" alt=\"afis_18_400_02\" width=\"82\" height=\"190\" align=\"left\" \/><span style=\"font-family: book antiqua,palatino;\">a|r|a 18<\/span> <\/span><\/strong><\/span><\/p>\n<p><span style=\"font-size: small;\">\u00centre 20 \u0219i 22 Aprilie 2017 a avut loc Simpozionul &#8222;Arhitectur\u0103. Restaurare. Arheologie.&#8221; organizat de asocia\u021bia ARA \u00een partenariat cu Institutul de Arheologie &#8222;Vasile P\u00e2rvan&#8221; al Academiei Rom\u00e2ne.\u00a0<\/span><\/p>\n<p>\u00a0<\/p>\n<p><span style=\"font-size: small;\"><a href=\"\/1151-2\/\">[<strong>program<\/strong>]<\/a><\/span><\/p>\n<p style=\"margin: 0cm 0cm 0pt;\">\u00a0<\/p>\n<p style=\"margin: 0cm 0cm 0pt;\">\u00a0<span style=\"font-size: small;\">\u00a0<\/span><\/p>\n<p style=\"margin: 0cm 0cm 0pt;\"><span style=\"font-size: small;\"><span style=\"font-family: Arial; font-size: 10pt;\"><strong>23 aprilie 2017<\/strong><\/span><\/span><\/p>\n<p><span style=\"font-size: small;\">\u00a0<\/span><\/p>\n<p>\u00a0<\/p>\n<\/div>\n<div class=\"content\">\n<h2>\u00a0<\/h2>\n<p><span style=\"font-size: small;\"><strong><span style=\"font-size: medium;\"><img loading=\"lazy\" decoding=\"async\" title=\"thumb_ara_17_400\" src=\"\/pictures\/thumb_ara_17_400.jpg\" alt=\"thumb_ara_17_400\" width=\"82\" height=\"190\" align=\"left\" \/><span style=\"font-family: book antiqua,palatino;\">a|r|a 17<\/span> <\/span><\/strong><\/span><\/p>\n<p style=\"margin: 0cm 0cm 0pt;\"><span style=\"font-family: arial,helvetica,sans-serif; font-size: small;\"><span style=\"color: black; font-size: 10pt;\">\u00centre 21 \u0219i 23 aprilie 2016 a avut loc Simpozionul \u201eArhitectur\u0103. Restaurare. Arheologie.&#8221; organizat de Asocia\u021bia ARA \u00een parteneriat cu Institutul de Arheologie \u201eVasile P\u00e2rvan&#8221; al Academiei Rom\u00e2ne.<\/span><\/span><\/p>\n<p style=\"margin: 0cm 0cm 0pt;\">\u00a0<\/p>\n<p style=\"margin: 0cm 0cm 0pt;\"><span style=\"font-size: small;\">\u00a0<\/span><\/p>\n<p style=\"margin: 0cm 0cm 0pt;\">\u00a0<\/p>\n<p style=\"margin: 0cm 0cm 0pt;\"><a href=\"\/ara-17-2\/\"><span style=\"font-size: small;\">[<strong>program<\/strong>]<\/span><\/a><\/p>\n<p style=\"margin: 0cm 0cm 0pt;\"><span style=\"font-size: small;\">\u00a0<\/span><\/p>\n<p style=\"margin: 0cm 0cm 0pt;\"><span style=\"font-size: small;\"><span style=\"font-family: Arial; font-size: 10pt;\"><strong>24 aprilie 2016<\/strong><\/span><\/span><\/p>\n<p><span style=\"font-size: small;\">\u00a0<\/span><\/p>\n<p>\u00a0<\/p>\n<\/div>\n<div class=\"content\">\n<h2>\u00a0<\/h2>\n<p><img loading=\"lazy\" decoding=\"async\" title=\"thumb_stradivarius_400\" src=\"\/pictures\/thumb_stradivarius_400.jpg\" alt=\"thumb_stradivarius_400\" width=\"82\" height=\"82\" align=\"left\" \/><\/p>\n<p><a href=\"\/stradivarius_pentru_rosia_montana-587.htm\">Recital caritabil pentru programul Adopt\u0103 o Cas\u0103 la Ro\u0219ia Montan\u0103<\/a><\/p>\n<p><a href=\"\/stradivarius_pentru_rosia_montana-587.htm\"><strong>Stradivarius pentru Ro\u0219ia Montan\u0103<\/strong><\/a><\/p>\n<p>Ateneul Rom\u00e2n. 18 aprilie \/ 20:00<\/p>\n<p><strong>16 aprilie 2016<\/strong><\/p>\n<\/div>\n<div class=\"content\">\n<h2>\u00a0<\/h2>\n<p><span style=\"font-size: small;\"><strong><span style=\"font-size: medium;\"><img loading=\"lazy\" decoding=\"async\" title=\"anunt_ara_16_thumb_400\" src=\"\/pictures\/anunt_ara_16_thumb_400.jpg\" alt=\"anunt_ara_16_thumb_400\" width=\"82\" height=\"190\" align=\"left\" \/><span style=\"font-family: book antiqua,palatino;\">a|r|a 16<\/span> <\/span><\/strong><\/span><\/p>\n<p style=\"margin: 0cm 0cm 0pt;\"><a href=\"\/3533-2\/\"><span style=\"font-size: small;\"><span style=\"color: black; font-size: 10pt;\">\u00centre 23 \u015fi 25 aprilie 2015 a avut loc Simpozionul \u201eArhitectur\u0103. Restaurare. Arheologie.&#8221; organizat de Asocia\u0163ia ARA \u00een parteneriat cu Institutul de Arheologie \u201eVasile P\u00e2rvan&#8221; al Academiei Rom\u00e2ne.<\/span><\/span><\/a><\/p>\n<p style=\"margin: 0cm 0cm 0pt;\">\u00a0<\/p>\n<p style=\"margin: 0cm 0cm 0pt;\"><span style=\"font-size: small;\"><a href=\"\/3533-2\/\">[program]<\/a> <\/span><\/p>\n<p>\u00a0<\/p>\n<p style=\"margin: 0cm 0cm 0pt;\"><span style=\"font-size: small;\">\u00a0<\/span><\/p>\n<p style=\"margin: 0cm 0cm 0pt;\"><span style=\"font-size: small;\"><span style=\"font-family: Arial; font-size: 10pt;\"><strong>26 aprilie 2015<\/strong><\/span><\/span><\/p>\n<p><span style=\"font-size: small;\">\u00a0<\/span><\/p>\n<p>\u00a0<\/p>\n<\/div>\n<div class=\"content\">\n<h2>\u00a0<\/h2>\n<img loading=\"lazy\" decoding=\"async\" title=\"afis_rm_final_400_01\" src=\"\/pictures\/afis_rm_final_400_01.jpg\" alt=\"afis_rm_final_400_01\" width=\"82\" height=\"118\" align=\"left\" \/><a href=\"\/expozitia-rosia-montana-memoria-obiectelor\/\"><strong><span style=\"font-size: small;\">Expozi\u021bia: Ro\u0219ia Montan\u0103. Memoria obiectelor<\/span><\/strong><\/a>\n<p><span style=\"line-height: 115%; font-family: Arial; background-image: none; background-attachment: scroll; background-color: white; font-size: 10pt; background-position: 0% 0%; background-repeat: repeat repeat;\"> <br \/><\/span><\/p>\n<p><span style=\"font-family: arial,helvetica,sans-serif; font-size: small;\"><strong>03 februarie 2015<\/strong><\/span><\/p>\n<\/div>\n<div class=\"content\">\n<h2>\u00a0<\/h2>\n<p><a href=\"\/a-11-a-scoala-de-vara-ara-nufaru-15-28-septembrie-2014\/\"><strong><img loading=\"lazy\" decoding=\"async\" title=\"nufaru_thumb_400\" src=\"\/pictures\/nufaru_thumb_400.jpg\" alt=\"nufaru_thumb_400\" width=\"82\" height=\"78\" align=\"left\" \/>A 11-a \u015ecoal\u0103 de Var\u0103 ARA: <\/strong>Nuf\u0103ru, 15-28 septembrie 2014<\/a><\/p>\n<p><span style=\"font-family: Arial; font-size: 10pt;\">Conservarea patrimoniului arhitectural arheologic,\u00a0<\/span><span style=\"font-family: Arial; font-size: 10pt;\">Nuf\u0103ru, jud. Tulcea<\/span><\/p>\n<p>\u00a0<\/p>\n<p>\u00a0<\/p>\n<p>\u00a0<\/p>\n<p>\u00a0<\/p>\n<p><span style=\"font-family: Arial; font-size: 10pt;\"><strong>9 iulie 2014<\/strong><\/span><\/p>\n<\/div>\n<div class=\"content\">\n<h2>\u00a0<\/h2>\n<p><img loading=\"lazy\" decoding=\"async\" style=\"font-family: Arial; font-size: 10pt;\" title=\"thumbnail_rm\" src=\"\/pictures\/thumbnail_rm.jpg\" alt=\"thumbnail_rm\" width=\"82\" height=\"78\" align=\"left\" \/><\/p>\n<p><a href=\"\/a-10-a-scoala-de-vara-ara-rosia-montana-1-14-septembrie-2014\/\"><strong>A 10-a \u0218coal\u0103 de Var\u0103 ARA: <\/strong>Ro\u015fia Montan\u0103, 1-14 septembrie 2014<\/a><\/p>\n<p><span style=\"font-family: Arial; font-size: 10pt;\">Patrimoniu pentru comunitate &#8211; documentarea \u015fi conservarea patrimoniului arhitectural de la Ro\u015fia Montan\u0103<\/span><\/p>\n<p>\u00a0<\/p>\n<p>\u00a0<\/p>\n<p>\u00a0<\/p>\n<p>\u00a0<\/p>\n<p><span style=\"font-family: Arial; font-size: 10pt;\"><strong>9 iulie 2014<\/strong><\/span><\/p>\n<\/div>\n<div class=\"content\">\n<h2>\u00a0<\/h2>\n<p><span style=\"font-size: small;\"><strong><span style=\"font-size: medium;\"><img loading=\"lazy\" decoding=\"async\" title=\"anunt_ara_15_400\" src=\"\/pictures\/anunt_ara_15_400.jpg\" alt=\"anunt_ara_15_400\" width=\"82\" height=\"190\" align=\"left\" \/><span style=\"font-family: book antiqua,palatino;\">a|r|a 15<\/span> <\/span><\/strong><\/span><\/p>\n<span style=\"font-size: small;\"><span style=\"color: black; font-size: 10pt;\">\u00centre 24 \u015fi 26 aprilie 2014 a avut loc Simpozionul \u201eArhitectur\u0103. Restaurare. Arheologie.&#8221; organizat de Asocia\u0163ia ARA \u00een parteneriat cu Institutul de Arheologie \u201eVasile P\u00e2rvan&#8221; al Academiei Rom\u00e2ne.<\/span><\/span>\n<p style=\"margin: 0cm 0cm 0pt;\">\u00a0<\/p>\n<p style=\"margin: 0cm 0cm 0pt;\"><a href=\"\/1183-2\/\">[program] <\/a><\/p>\n<p style=\"margin: 0cm 0cm 0pt;\">\u00a0<\/p>\n<p style=\"margin: 0cm 0cm 0pt;\">\u00a0<\/p>\n<p style=\"margin: 0cm 0cm 0pt;\"><span style=\"font-family: Arial; font-size: 10pt;\"><strong>03 aprilie 2014<\/strong><\/span><\/p>\n<p>\u00a0<\/p>\n<\/div>\n<div class=\"content\">\n<h2>\u00a0<\/h2>\n<p><img loading=\"lazy\" decoding=\"async\" title=\"thumb_severeanu\" src=\"\/pictures\/thumb_severeanu.jpg\" alt=\"thumb_severeanu\" width=\"82\" height=\"82\" align=\"left\" \/><\/p>\n<p><span style=\"font-size: small;\"><a href=\"\/3556-2\/\"><span style=\"line-height: 115%; font-family: Arial; background: none repeat scroll 0% 0% white; font-size: 10pt;\"><strong>Jupiter de partea ta &#8230; <\/strong><\/span><\/a><\/span><\/p>\n<p><span style=\"line-height: 115%; font-family: Arial; background: none repeat scroll 0% 0% white; font-size: 10pt;\"><span style=\"font-size: small;\"><a href=\"\/3556-2\/\">Zei \u0219i oameni \u00een Antichitate la Dun\u0103rea de Jos<\/a><\/span><strong> <br \/><\/strong><\/span><\/p>\n<p><span style=\"font-family: arial,helvetica,sans-serif; font-size: small;\"><strong>04 iunie 2013<\/strong><\/span><\/p>\n<\/div>\n<div class=\"content\">\n<h2>\u00a0<\/h2>\n<p><img loading=\"lazy\" decoding=\"async\" title=\"thumb_02\" src=\"\/pictures\/thumb_02.jpg\" alt=\"thumb_02\" width=\"82\" height=\"82\" align=\"left\" \/><\/p>\n<p><span style=\"line-height: 115%; font-family: Arial; background: none repeat scroll 0% 0% white; font-size: 10pt;\"><strong><em><a href=\"\/rosia-montana-360-3\/\">Ro\u0219ia Montan\u0103 360<\/a><\/em><\/strong><\/span><\/p>\n<p><em><a href=\"\/rosia-montana-360-3\/\"><span style=\"font-size: small;\">Expozi\u021bie &#8211; atelier pentru protejarea, monitorizarea \u0219i valorificarea patrimoniului cultural<\/span><\/a><\/em><\/p>\n<p>\u00a0<\/p>\n<p><span style=\"font-family: arial,helvetica,sans-serif; font-size: small;\"><strong>17 noiembrie 2013<\/strong><\/span><\/p>\n<\/div>\n<div class=\"content\">\n<h2>\u00a0<\/h2>\n<p><img loading=\"lazy\" decoding=\"async\" style=\"font-family: Arial; font-size: 10pt;\" title=\"thumbnail_rm\" src=\"\/pictures\/thumbnail_rm.jpg\" alt=\"thumbnail_rm\" width=\"82\" height=\"78\" align=\"left\" \/><\/p>\n<p><a href=\"\/inchiderea-scolii-de-vara-ara-editia-2013\/\"><span style=\"font-size: small;\">\u00cenchiderea \u00eenainte de termen a \u0218colii de Var\u0103 de la Ro\u0219ia Montan\u0103, edi\u021bia 2013<\/span><\/a><\/p>\n<p>\u00a0<\/p>\n<p>\u00a0<\/p>\n<p>\u00a0<\/p>\n<p>\u00a0<\/p>\n<p><span style=\"font-family: Arial; font-size: 10pt;\"><strong>11 septembrie 2013<\/strong><\/span><\/p>\n<\/div>\n<div class=\"content\">\n<h2>\u00a0<\/h2>\n<p>\u00a0<\/p>\n<p><a href=\"\/ara-sesizeaza-cna-cu-privire-la-modul-in-care-stirile-b1tv-ilustreaza-subiectul-rosia-montana\/\"><span style=\"font-size: small;\"><img loading=\"lazy\" decoding=\"async\" title=\"thumb_400_02\" src=\"\/pictures\/thumb_400_02.jpg\" alt=\"thumb_400_02\" width=\"82\" height=\"78\" align=\"left\" \/>Scrisoare deschis\u0103 adresat\u0103 Consiliului Na\u021bional al Audiovizualului &#8211; Sesizare<\/span><\/a><\/p>\n<p>\u00a0<\/p>\n<p>\u00a0<\/p>\n<p>\u00a0<\/p>\n<p>\u00a0<\/p>\n<p><span style=\"font-family: Arial; font-size: 10pt;\"><strong>10 septembrie 2013<\/strong><\/span><\/p>\n<\/div>\n<div class=\"content\">\n<h2>\u00a0<\/h2>\n<p>\u00a0<\/p>\n<p><span style=\"font-family: Arial; font-size: 10pt;\"><img loading=\"lazy\" decoding=\"async\" style=\"width: 82px; height: 78px;\" title=\"nufaru_thumb_400\" src=\"\/pictures\/nufaru_thumb_400.jpg\" alt=\"nufaru_thumb_400\" width=\"82\" height=\"78\" align=\"left\" \/><a href=\"http:\/\/scoala-de-vara-ara-editia-a-9-a-nufaru-tulcea\/\" data-wplink-url-error=\"true\"><strong>A 9-a \u015ecoal\u0103 de Var\u0103 ARA<\/strong>,\u00a016-30 septembrie 2013<\/a> <\/span><\/p>\n<p><span style=\"font-family: Arial; font-size: small;\">Conservarea patrimoniului arhitectural arheologic, Nuf\u0103ru, jud. Tulcea<\/span><\/p>\n<p>\u00a0<\/p>\n<p><span style=\"font-size: small;\"><span style=\"font-family: Arial; font-size: 10pt;\"><strong>17 august 2013<\/strong><\/span><\/span><\/p>\n<\/div>\n<div class=\"content\">\n<h2>\u00a0<\/h2>\n<p><img loading=\"lazy\" decoding=\"async\" style=\"font-family: Arial; font-size: 10pt;\" title=\"thumbnail_rm\" src=\"\/pictures\/thumbnail_rm.jpg\" alt=\"thumbnail_rm\" width=\"82\" height=\"78\" align=\"left\" \/><\/p>\n<p><span style=\"font-family: arial,helvetica,sans-serif; font-size: small;\"><a href=\"\/scoala-de-vara-ara-de-la-rosia-montana-2013\/\"><strong>A 8-a \u015ecoal\u0103 de Var\u0103 ARA<\/strong>, 1-15 septembrie 2013<\/a><\/span><\/p>\n<p><span style=\"font-family: Arial; font-size: 10pt;\">Patrimoniu pentru comunitate &#8211; ac\u0163iuni directe de documentare \u015fi conservare a patrimoniului arhitectural de la Ro\u015fia Montan\u0103<\/span><\/p>\n<p><span style=\"font-size: small;\"><span style=\"font-family: Arial; font-size: 10pt;\"><strong>2\u00a0august 2013<\/strong><\/span><\/span><\/p>\n<\/div>\n<div class=\"content\">\n<h2>\u00a0<\/h2>\n<p><span style=\"font-family: 'Book Antiqua';\"><span style=\"font-family: arial,helvetica,sans-serif; font-size: small;\"><strong><span style=\"font-family: book antiqua,palatino; font-size: medium;\"><span style=\"font-family: Arial; font-size: 10pt;\"><img loading=\"lazy\" decoding=\"async\" style=\"width: 82px; height: 190px;\" title=\"anunt_ara_14_v_400\" src=\"\/pictures\/anunt_ara_14_v_400.jpg\" alt=\"anunt_ara_14_v_400\" width=\"82\" height=\"190\" align=\"left\" \/><\/span>a|r|a 14<\/span><\/strong><\/span><\/span><\/p>\n<span style=\"font-size: small;\"><span style=\"font-family: Arial; color: black; font-size: 10pt;\">\u00centre 18 \u015fi 20 aprilie 2013 a avut loc Simpozionul \u201eArhitectur\u0103. Restaurare. Arheologie.&#8221; organizat de Asocia\u0163ia ARA \u00een parteneriat cu Institutul de Arheologie \u201eVasile P\u00e2rvan&#8221; al Academiei Rom\u00e2ne.<\/span><\/span>\n<p style=\"margin: 0cm 0cm 0pt;\"><span style=\"font-size: small;\">[<a href=\"\/1220-2\/\">programul simpozionului<\/a>]<\/span><\/p>\n<p style=\"margin: 0cm 0cm 0pt;\">\u00a0<\/p>\n<p style=\"margin: 0cm 0cm 0pt;\">\u00a0<\/p>\n<p style=\"margin: 0cm 0cm 0pt;\"><span style=\"font-family: Arial; font-size: 10pt;\"><strong>28 aprilie 2013<\/strong><\/span><\/p>\n<p>\u00a0<\/p>\n<\/div>\n<div class=\"content\">\n<h2>\u00a0<\/h2>\n<p><img loading=\"lazy\" decoding=\"async\" style=\"width: 81px; height: 83px;\" title=\"thumb_rosia_mincu_400\" src=\"\/pictures\/thumb_rosia_mincu_400.jpg\" alt=\"thumb_rosia_mincu_400\" width=\"81\" height=\"83\" align=\"left\" \/><span style=\"line-height: 115%; font-family: Arial; background: none repeat scroll 0% 0% white; font-size: 10pt;\"><strong><span style=\"font-size: small;\"><a href=\"\/expozitia-patrimoniul-din-rosia-montana-in-imagini-bucuresti-casa-ion-mincu\/\">Patrimoniul de la Ro\u015fia Montan\u0103 \u00een imagini<\/a><\/span>\u00a0<\/strong><\/span><\/p>\n<p>\u00a0<\/p>\n<p><span style=\"font-family: arial,helvetica,sans-serif; font-size: small;\"><strong>07\u00a0octombrie 2012<\/strong><\/span><\/p>\n<\/div>\n<div class=\"content\">\n<h2>\u00a0<\/h2>\n<p>\u00a0<\/p>\n<p><span style=\"font-family: Arial; font-size: 10pt;\"><img loading=\"lazy\" decoding=\"async\" style=\"width: 82px; height: 78px;\" title=\"nufaru_thumb_400\" src=\"\/pictures\/nufaru_thumb_400.jpg\" alt=\"nufaru_thumb_400\" width=\"82\" height=\"78\" align=\"left\" \/><a href=\"\/1237-2\/\"><strong>A 7-a \u015ecoal\u0103 de Var\u0103 ARA<\/strong>,\u00a016-30 septembrie 2012<\/a> <\/span><\/p>\n<p><span style=\"font-family: Arial; font-size: small;\">Conservarea patrimoniului arhitectural arheologic, Nuf\u0103ru, jud. Tulcea<\/span><\/p>\n<p>\u00a0<\/p>\n<p><span style=\"font-size: small;\"><span style=\"font-family: Arial; font-size: 10pt;\"><strong>22\u00a0august 2012<\/strong><\/span><\/span><\/p>\n<\/div>\n<div class=\"content\">\n<h2>\u00a0<\/h2>\n<img loading=\"lazy\" decoding=\"async\" style=\"width: 82px; height: 77px;\" title=\"expo_rosia_thumb_400\" src=\"\/pictures\/expo_rosia_thumb_400.jpg\" alt=\"expo_rosia_thumb_400\" width=\"82\" height=\"77\" align=\"left\" \/><span style=\"font-size: small;\"><strong><span style=\"font-family: Arial;\"><a href=\"\/expozitia-rosia-montana-documente-de-arhitectura\/\">Ro\u015fia Montan\u0103: documente de arhitectur\u0103 (II.)<\/a><\/span><\/strong><\/span><br \/>\n<p style=\"line-height: 16.85pt; background-color: white; margin: 2.8pt 0cm 3.75pt; vertical-align: baseline;\"><span style=\"font-family: Arial; color: black; font-size: 10pt;\">g\u0103zduit\u0103 de Parohia Unitarian\u0103 Ro\u015fia Montan\u0103<\/span><\/p>\n<p>\u00a0<\/p>\n<p><span style=\"font-size: small;\"><strong>16\u00a0august 2012<\/strong><\/span><\/p>\n<\/div>\n<div class=\"content\">\n<h2>\u00a0<\/h2>\n<p><img loading=\"lazy\" decoding=\"async\" style=\"width: 82px; height: 82px;\" title=\"inpict_400\" src=\"\/pictures\/inpict_400.jpg\" alt=\"inpict_400\" width=\"82\" height=\"82\" align=\"left\" \/><\/p>\n<p><strong><a href=\"\/1251-2\/\"><span style=\"font-family: arial,helvetica,sans-serif; font-size: small;\">Patrimoniul de la Ro\u015fia Montan\u0103 \u00een imagin<\/span>i<\/a><\/strong> \u00a0<\/p>\n<p>\u00a0<\/p>\n<p><span style=\"font-family: arial,helvetica,sans-serif; font-size: small;\"><strong>16\u00a0august 2012<\/strong><\/span><\/p>\n<\/div>\n<div class=\"content\">\n<h2>\u00a0<\/h2>\n<p><span style=\"font-family: Arial; font-size: 10pt;\"><img loading=\"lazy\" decoding=\"async\" title=\"thumbnail_rm\" src=\"\/pictures\/thumbnail_rm.jpg\" alt=\"thumbnail_rm\" width=\"82\" height=\"78\" align=\"left\" \/><\/span><\/p>\n<p><span style=\"font-family: Arial; font-size: 10pt;\"><a href=\"\/scoala-de-vara-ara-editia-a-6-a-rosia-montana\/\"><strong>A 6-a \u015ecoal\u0103 de Var\u0103 ARA<\/strong>,\u00a01-15 septembrie 2012<\/a><\/span><\/p>\n<p><span style=\"font-family: Arial; font-size: small;\">\u00een situl istoric de importan\u0163\u0103 excep\u0163ional\u0103 de la Ro\u015fia Montan\u0103<\/span><\/p>\n<p>\u00a0<\/p>\n<p><span style=\"font-family: Arial; font-size: 10pt;\"><strong>4 iulie 2012<\/strong><\/span><\/p>\n<\/div>\n<div class=\"content\">\n<h2>\u00a0<\/h2>\n<p><span style=\"font-family: 'Book Antiqua';\"><span style=\"font-family: arial,helvetica,sans-serif; font-size: small;\"><strong><span style=\"font-family: book antiqua,palatino; font-size: medium;\"><img loading=\"lazy\" decoding=\"async\" title=\"anunt_1_ara_13_site_400\" src=\"\/pictures\/anunt_1_ara_13_site_400.jpg\" alt=\"anunt_1_ara_13_site_400\" width=\"82\" height=\"190\" \/>a|r|a 13<\/span><\/strong><\/span><\/span><\/p>\n<p><span style=\"font-family: 'Book Antiqua';\"><span style=\"font-family: arial,helvetica,sans-serif; font-size: small;\">\u00centre 19 \u015fi 21 aprilie 2012 a avut\u00a0loc Simpozionul \u201eArhitectur\u0103. Restaurare. Arheologie.&#8221; organizat de Asocia\u0163ia ARA \u00een parteneriat cu Institutul de Arheologie \u201eVasile P\u00e2rvan&#8221; al Academiei Rom\u00e2ne.<\/span><\/span><\/p>\n<p style=\"text-align: justify;\"><span style=\"font-family: 'Book Antiqua';\"><span style=\"font-family: arial,helvetica,sans-serif; font-size: small;\">[<a href=\"\/ara-13-2\/\">programul simpozionului ARA 13<\/a>]<\/span><\/span><\/p>\n<p style=\"text-align: justify;\">\u00a0<\/p>\n<\/div>\n<div class=\"content\">\n<h2>\u00a0<\/h2>\n<p><span style=\"font-family: Arial; font-size: 10pt;\"><strong><img loading=\"lazy\" decoding=\"async\" style=\"width: 82px; height: 84px;\" title=\"program_thumbnail_400\" src=\"\/pictures\/program_thumbnail_400.jpg\" alt=\"program_thumbnail_400\" width=\"82\" height=\"84\" align=\"left\" \/><\/strong><span style=\"font-size: small;\"><a href=\"\/comunicat-de-presa\/\"><strong>A 5-a \u015ecoal\u0103 de Var\u0103 ARA<\/strong><\/a><\/span> <\/span><\/p>\n<p>\u00a0<\/p>\n<p><span style=\"font-family: Arial; font-size: 10pt;\"><strong>28 august 2011<\/strong><\/span><\/p>\n<\/div>\n<div class=\"content\">\n<h2>\u00a0<\/h2>\n<p><span style=\"font-family: 'Book Antiqua';\"><span style=\"font-family: arial,helvetica,sans-serif; font-size: small;\"><strong><span style=\"font-family: book antiqua,palatino; font-size: medium;\"><img loading=\"lazy\" decoding=\"async\" style=\"width: 82px; height: 190px;\" title=\"anunt_ara_12_th_site_400\" src=\"\/pictures\/anunt_ara_12_th_site_400.jpg\" alt=\"anunt_ara_12_th_site_400\" width=\"82\" height=\"190\" align=\"left\" \/>a|r|a 12<\/span><\/strong><\/span><\/span><\/p>\n<p><span style=\"font-family: 'Book Antiqua';\"><span style=\"font-family: arial,helvetica,sans-serif; font-size: small;\">\u00centre 14 \u015fi 16 aprilie 2011 a avut loc Simpozionul \u201eArhitectur\u0103. Restaurare. Arheologie.&#8221; organizat de Asocia\u0163ia ARA \u00een parteneriat cu Institutul de Arheologie \u201eVasile P\u00e2rvan&#8221; al Academiei Rom\u00e2ne.<\/span><\/span><\/p>\n<p style=\"text-align: justify;\"><span style=\"font-family: 'Book Antiqua';\"><span style=\"font-family: arial,helvetica,sans-serif; font-size: small;\">[<a href=\"\/1279-2\/\">programul simpozionului ARA 12<\/a>]<\/span><\/span><\/p>\n<p style=\"text-align: justify;\">\u00a0<\/p>\n<\/div>\n<div class=\"content\">\n<h2>\u00a0<\/h2>\n<p><strong><img loading=\"lazy\" decoding=\"async\" title=\"thumbnail_buton\" src=\"\/pictures\/rm.jpg\" alt=\"thumbnail_buton\" width=\"82\" height=\"82\" align=\"left\" \/><\/strong> <span style=\"font-size: small;\"><a href=\"\/rosia-montana-documente-de-arhitectura-i-2\/\"><strong>EXPOZI\u0162IE<\/strong><br \/>Ro\u015fia Montan\u0103: documente de arhitectur\u0103 (I.)<\/a><\/span><\/p>\n<p>\u00a0<\/p>\n<p><span style=\"font-family: arial,helvetica,sans-serif; font-size: small;\"><strong>22 noiembrie 2010<\/strong><\/span><\/p>\n<\/div>\n<div class=\"content\">\n<h2>\u00a0<\/h2>\n<p><strong><img loading=\"lazy\" decoding=\"async\" title=\"thumbnail_buton\" src=\"\/pictures\/thumbnail_buton.jpg\" alt=\"thumbnail_buton\" width=\"82\" height=\"82\" align=\"left\" \/><\/strong><\/p>\n<p><span style=\"font-family: arial,helvetica,sans-serif; font-size: small;\"><strong>Comunicat de pres\u0103<\/strong><\/span><\/p>\n<p><span style=\"font-size: small;\"><strong><a href=\"\/prezentarea-santierului-de-restaurare\/\">RO\u015eIA MONTAN\u0102<\/a> <\/strong><a href=\"\/prezentarea-santierului-de-restaurare\/\"><br \/>Prezentarea \u015fantierului de restaurare \u201eCasa parohial\u0103 unitarian\u0103 din Ro\u015fia Montan\u0103&#8221;<\/a><\/span><\/p>\n<p><span style=\"font-size: small;\"><strong>18 octombrie 2010<\/strong><\/span><\/p>\n<\/div>\n<div class=\"content\">\n<h2>\u00a0<\/h2>\n<p><img loading=\"lazy\" decoding=\"async\" title=\"rm\" src=\"\/pictures\/rm.jpg\" alt=\"rm\" width=\"82\" height=\"82\" align=\"left\" \/><span style=\"font-family: arial,helvetica,sans-serif; font-size: small;\"><em><a href=\"\/wp-content\/uploads\/2023\/10\/Cerere_27.04.2010_FR.pdf\">Reluarea solicit\u0103rii adresat\u0103 MCPN de \u00eenscriere a peisajului minier Ro\u015fia Montan\u0103 \u00een Lista Indicativ\u0103 a Rom\u00e2niei a monumentelor istorice propuse a fi \u00eenscrise pe Lista Patrimoniului Cultural Mondial al UNESCO<\/a><\/em> <strong>\u00a0<\/strong><\/span><\/p>\n<p><span style=\"font-size: small;\"><strong>27 aprilie 2010<\/strong><\/span><\/p>\n<p><em><a href=\"\/rosia-montana-fundamantarea-valorii-universale-376.htm\">Nota de fundamentare<\/a><\/em><\/p>\n<p><em><a href=\"\/files\/dosar%20tentativ%20list_27.04.2010_FR.pdf\">Nota de fundamentare\u00a0transpus\u0103 \u00een formularul \u00een limba francez\u0103 pentru \u00eenscrierea \u00een Lista Indicativ\u0103 a Rom\u00e2niei<\/a>\u00a0(pdf)<\/em><\/p>\n<p>\u00a0<\/p>\n<\/div>\n<div class=\"content\">\n<h2>\u00a0<\/h2>\n<p><img loading=\"lazy\" decoding=\"async\" title=\"book\" src=\"\/pictures\/book.jpg\" alt=\"book\" width=\"82\" height=\"172\" align=\"left\" \/><\/p>\n<p><span style=\"font-family: book antiqua,palatino; font-size: medium;\"><strong>a|r|a 11<\/strong><\/span><\/p>\n<p><span style=\"font-family: arial,helvetica,sans-serif; font-size: small;\"><a href=\"\/3623-2\/\">\u00centre 22 \u015fi 24 aprilie 2010 a avut loc Simpozionul &#8222;Arhitectur\u0103. Restaurare. Arheologie&#8221; organizat de Asocia\u0163ia ARA \u00een parteneriat cu Institutul de Arheologie &#8222;Vasile P\u00e2rvan&#8221; al Academiei Rom\u00e2ne.<\/a> <\/span><\/p>\n<p><span style=\"font-family: arial,helvetica,sans-serif; font-size: small;\"><em><a href=\"\/ARA-11-132.htm\">In memoriam <\/a><\/em><\/span><\/p>\n<p><span style=\"font-family: arial,helvetica,sans-serif; font-size: small;\"><a href=\"\/ARA-11-132.htm\">Petre Alexandrescu | Dinu Theodorescu | Catrinel Dom\u0103nean\u0163u<\/a><\/span><\/p>\n<p>\u00a0<\/p>\n<\/div>\n<div class=\"content\">\n<h2>\u00a0<\/h2>\n<p><a href=\"\/1298-2\/\"><img loading=\"lazy\" decoding=\"async\" title=\"img1\" src=\"\/pictures\/img1.jpg\" alt=\"img1\" width=\"82\" height=\"82\" align=\"left\" \/><span style=\"font-family: arial,helvetica,sans-serif; font-size: small;\"><strong> A 3-a \u015ecoala de var\u0103 ARA<\/strong><\/span><\/a><\/p>\n<p><span style=\"font-size: small;\"><a href=\"\/1298-2\/\">Ro\u015fia Montan\u0103: documentarea patrimoniului arhitectural<\/a><\/span><\/p>\n<p>\u00a0<\/p>\n<p><span style=\"font-size: small;\"><strong>august 2009<\/strong><\/span><\/p>\n<\/div>\n<div class=\"content\">\n<h2>\u00a0<\/h2>\n<p><img loading=\"lazy\" decoding=\"async\" style=\"width: 82px; height: 82px;\" src=\"\/pictures\/rm.jpg\" alt=\"\" width=\"82\" height=\"82\" align=\"left\" \/><span style=\"font-family: arial,helvetica,sans-serif; font-size: small;\"><em><a href=\"https:\/\/nou.simpara.ro\/cerere_unesco.jpg\">Solicitarea ARA adresat\u0103 MCCPCN de includere a sitului Ro\u015fia Montan\u0103 \u00een Lista Indicativ\u0103 a Rom\u00e2niei pentru Lista Patrimoniului Mondial a UNESCO<\/a><\/em><strong><a href=\"\/cerere_unesco.jpg\"><br \/><\/a><\/strong><\/span><\/p>\n<p><span style=\"font-family: arial,helvetica,sans-serif; font-size: small;\"><strong>11 iunie 2009<\/strong><\/span><\/p>\n<p><em><a href=\"\/rosia-montana-fundamantarea-valorii-universale-376.htm\">Nota de fundamentare<\/a><\/em><\/p>\n<p><a href=\"\/Nota%20de%20fundamentare%20Lista%20tentativa%20Rosia%20Montana.pdf\"><em>Not\u0103 de fundamentare privind valoarea universal\u0103 a sitului Ro\u015fia Montan\u0103\u00a0<\/em><\/a>\u00a0(pdf)<\/p>\n<\/div>\n<div class=\"content\">\n<h2>\u00a0<\/h2>\n<p><img loading=\"lazy\" decoding=\"async\" style=\"width: 82px; height: 82px;\" src=\"\/pictures\/rm.jpg\" alt=\"\" width=\"82\" height=\"82\" align=\"left\" \/><span style=\"font-family: arial,helvetica,sans-serif; font-size: small;\"><em><a href=\"\/cerere_reclasari.jpg\">Reluarea solicit\u0103rii de includere \u00een Lista monumentelor istorice a unor construc\u0163ii valoroase de la Ro\u015fia Montan\u0103\u00a0<\/a><\/em><strong>\u00a0<\/strong><\/span><\/p>\n<p><span style=\"font-family: arial,helvetica,sans-serif; font-size: small;\"><strong>11 iunie 2009 <\/strong><\/span><br \/><a href=\"\/cerere_reclasari.pdf\"><em>Cereri de clasare<\/em>\u00a0<\/a><\/p>\n<\/div>\n<div class=\"content\">\n<h2>\u00a0<\/h2>\n<p><img loading=\"lazy\" decoding=\"async\" title=\"img3\" src=\"\/pictures\/img3.jpg\" alt=\"img3\" width=\"82\" height=\"81\" align=\"left\" \/> <span style=\"font-size: medium;\"><strong><span style=\"font-family: book antiqua,palatino;\">a|r|a 10<\/span><\/strong><\/span><\/p>\n<p><span style=\"font-family: arial,helvetica,sans-serif; font-size: small;\"><a href=\"\/ARA-10-131.htm\">\u00cen perioada 23-25 aprilie 2009 a avut loc Simpozionul ARA 10, organizat de Asocia\u0163ia ARA \u015fi Institutul de Arheologie &#8222;Vasile P\u00e2rvan&#8221;. Manifestarea s-a desf\u0103\u015furat cu sprijinul financiar al Ordinului Arhitec\u0163ilor din Rom\u00e2nia prin Timbrul de arhitectur\u0103.<\/a><\/span><\/p>\n<\/div>\n<div class=\"content\">\n<h2>\u00a0<\/h2>\n<p><img loading=\"lazy\" decoding=\"async\" title=\"rm\" src=\"\/pictures\/rm.jpg\" alt=\"rm\" width=\"82\" height=\"82\" align=\"left\" \/><a href=\"\/Comunicat-de-presa-3-august-2008-197.htm\"> <span style=\"font-family: arial,helvetica,sans-serif; font-size: small;\"><em>Asocia\u0163ia ARA solicit\u0103 clasarea \u00een Lista Monumentelor Istorice a patrimoniului industrial exceptional al sitului Ro\u0219ia Montan\u0103 <\/em><\/span><\/a><\/p>\n<p>\u00a0<\/p>\n<p><span style=\"font-family: arial,helvetica,sans-serif; font-size: small;\"><strong>3 august 2008<\/strong><\/span><\/p>\n<\/div>\n<div class=\"content\">\n<h2>\u00a0<\/h2>\n<p><a href=\"\/Tabara-de-arheologie-experimentala-Covasna-II--129.htm\"><img loading=\"lazy\" decoding=\"async\" title=\"img2\" src=\"\/pictures\/img2.jpg\" alt=\"img2\" width=\"82\" height=\"82\" align=\"left\" \/><span style=\"font-family: arial,helvetica,sans-serif; font-size: small;\">Tab\u0103ra de arheologie experimental\u0103 de la Cetatea Z\u00e2nelor, Covasna, II &#8211; 2008<\/span><\/a><\/p>\n<p>\u00a0<\/p>\n<p><span style=\"font-family: arial,helvetica,sans-serif; font-size: small;\"><strong>22 iulie 2008<\/strong><\/span><\/p>\n<\/div>\n<div class=\"content\">\n<h2>\u00a0<\/h2>\n<p><img loading=\"lazy\" decoding=\"async\" title=\"ara9\" src=\"\/pictures\/ara9.jpg\" alt=\"ara9\" width=\"82\" height=\"81\" align=\"left\" \/> <strong><span style=\"font-family: book antiqua,palatino; font-size: medium;\">a|r|a 9<\/span><\/strong><\/p>\n<p><span style=\"font-family: arial,helvetica,sans-serif; font-size: small;\"><a href=\"\/ARA-9-204.htm\">Simpozionul Arhitectur\u0103. Restaurare. Arheologie<\/a><\/span><\/p>\n<p><span style=\"font-family: arial,helvetica,sans-serif; font-size: small;\"><a href=\"\/ARA-9-204.htm\">17-19 aprilie 2008<\/a><\/span><\/p>\n<\/div>\n<div class=\"content\">\n<h2>\u00a0<\/h2>\n<p><em><img loading=\"lazy\" decoding=\"async\" title=\"covasna1\" src=\"\/pictures\/covasna1.jpg\" alt=\"covasna1\" width=\"81\" height=\"82\" align=\"left\" \/> <\/em><span style=\"font-family: arial,helvetica,sans-serif; font-size: small;\"><a href=\"\/Cetatea-Zanelor---Covasna-2007-193.htm\">Tab\u0103ra de arheologie experimental\u0103 de la Cetatea Z\u00e2nelor, Covasna, I &#8211; 2007<\/a><\/span><\/p>\n<p>\u00a0<\/p>\n<p><span style=\"font-family: arial,helvetica,sans-serif; font-size: small;\"><strong>25 iulie 2007<\/strong><\/span><\/p>\n<\/div>\n<div class=\"content\">\n<h2>\u00a0<\/h2>\n<p><img loading=\"lazy\" decoding=\"async\" title=\"cpr\" src=\"\/pictures\/cpr.jpg\" alt=\"cpr\" width=\"81\" height=\"82\" align=\"left\" \/> <span style=\"font-family: arial,helvetica,sans-serif; font-size: small;\"><a href=\"\/Interventii-de-urgenta-192.htm\">Interven\u0163ii de urgen\u0163\u0103 la cl\u0103direa Oficiului parohial unitarian (nr.391) \u015fi la cl\u0103direa Oficiului parohial reformat (nr.551), Ro\u015fia Montan\u0103, jud. Alba<\/a><\/span><\/p>\n<p>\u00a0<\/p>\n<p><span style=\"font-family: arial,helvetica,sans-serif; font-size: small;\"><strong>2 noiembrie 2007<\/strong><\/span><\/p>\n<\/div>\n<div class=\"content\">\n<h2>\u00a0<\/h2>\n<p><img loading=\"lazy\" decoding=\"async\" title=\"img10\" src=\"\/pictures\/img10.jpg\" alt=\"img10\" width=\"80\" height=\"81\" align=\"left\" \/><span style=\"font-family: arial,helvetica,sans-serif; font-size: small;\"><a href=\"\/Includere-in-Lista-monumentelor-istorice-202.htm\"><em>ARA solicit\u0103 includerea \u00een Lista Monumentelor Istorice a construc\u0163iilor valoroase amenin\u0163ate de ac\u0163iunile companiei Ro\u015fia Montan\u0103 Gold Corporation<\/em><\/a><\/span><\/p>\n<p><span style=\"font-family: arial,helvetica,sans-serif; font-size: small;\">\u00a0<\/span><\/p>\n<p><span style=\"font-family: arial,helvetica,sans-serif; font-size: small;\"><strong>9 octombrie 2007<\/strong><\/span><\/p>\n<\/div>\n<div class=\"content\">\n<h2>\u00a0<\/h2>\n<p><img loading=\"lazy\" decoding=\"async\" title=\"img6\" src=\"\/pictures\/img6.jpg\" alt=\"img6\" width=\"81\" height=\"80\" align=\"left\" \/><a href=\"\/Semnalizare-Covasna-184.htm\"> <span style=\"font-family: arial,helvetica,sans-serif; font-size: small;\">Propunere de semnalizare a obiectivelor cultural &#8211; turistice \u015fi de amenajare a traseelor turistice din ora\u015ful Covasna &#8211; documenta\u0163ie \u00eenaintat\u0103 Prim\u0103riei Covasna<\/span><\/a><\/p>\n<p>\u00a0<\/p>\n<p><span style=\"font-family: arial,helvetica,sans-serif; font-size: small;\"><strong>15 ianuarie 2007<\/strong><\/span><\/p>\n<\/div>\n<div class=\"content\">\n<h2>\u00a0<\/h2>\n<p><img loading=\"lazy\" decoding=\"async\" title=\"img5\" src=\"\/pictures\/img5.jpg\" alt=\"img5\" width=\"82\" height=\"82\" align=\"left\" \/> <span style=\"font-family: arial,helvetica,sans-serif; font-size: small;\"><a href=\"\/Cetatea-Zanelor-2006-183.htm\">Protec\u0163ia \u015fi consolidarea temporar\u0103 a zidurilor descoperite \u00een urma s\u0103p\u0103turilor arheologice la Cetatea Z\u00e2nelor, Covasna<\/a><\/span><\/p>\n<p>\u00a0<\/p>\n<p><span style=\"font-family: arial,helvetica,sans-serif; font-size: small;\"><strong>18 decembrie 2006<\/strong><\/span><\/p>\n<\/div>\n<\/div>\n<!-- \/wp:html -->\t\t\t\t\t\t<\/div>\n\t\t\t\t<\/div>\n\t\t\t\t\t<\/div>\n\t\t\t\t<\/div>\n\t\t\t\t\t\t\t<\/div>\n\t\t","protected":false},"excerpt":{"rendered":"<p>\u00a0 \u00a0 a|r|a 22 \u00centre 5 \u0219i 7 mai 2022 a avut loc a 22-a edi\u021bie a Simpozionului \u201eArhitectur\u0103. Restaurare. Arheologie.&#8221; organizat de Asocia\u021bia ARA \u00een parteneriat cu Institutul de Arheologie \u201eVasile P\u00e2rvan&#8221; al&#46;&#46;&#46;<\/p>\n","protected":false},"author":1,"featured_media":0,"parent":0,"menu_order":0,"comment_status":"closed","ping_status":"closed","template":"","meta":{"footnotes":""},"class_list":["post-1040","page","type-page","status-publish","hentry"],"_links":{"self":[{"href":"https:\/\/simpara.ro\/index.php?rest_route=\/wp\/v2\/pages\/1040","targetHints":{"allow":["GET"]}}],"collection":[{"href":"https:\/\/simpara.ro\/index.php?rest_route=\/wp\/v2\/pages"}],"about":[{"href":"https:\/\/simpara.ro\/index.php?rest_route=\/wp\/v2\/types\/page"}],"author":[{"embeddable":true,"href":"https:\/\/simpara.ro\/index.php?rest_route=\/wp\/v2\/users\/1"}],"replies":[{"embeddable":true,"href":"https:\/\/simpara.ro\/index.php?rest_route=%2Fwp%2Fv2%2Fcomments&post=1040"}],"version-history":[{"count":105,"href":"https:\/\/simpara.ro\/index.php?rest_route=\/wp\/v2\/pages\/1040\/revisions"}],"predecessor-version":[{"id":5649,"href":"https:\/\/simpara.ro\/index.php?rest_route=\/wp\/v2\/pages\/1040\/revisions\/5649"}],"wp:attachment":[{"href":"https:\/\/simpara.ro\/index.php?rest_route=%2Fwp%2Fv2%2Fmedia&parent=1040"}],"curies":[{"name":"wp","href":"https:\/\/api.w.org\/{rel}","templated":true}]}}