{"id":1058,"date":"2023-10-03T12:44:03","date_gmt":"2023-10-03T12:44:03","guid":{"rendered":"https:\/\/nou.simpara.ro\/?page_id=1058"},"modified":"2023-11-10T10:31:33","modified_gmt":"2023-11-10T10:31:33","slug":"studii-si-rapoarte-stiintifice","status":"publish","type":"page","link":"https:\/\/simpara.ro\/?page_id=1058","title":{"rendered":"studii \u015fi rapoarte \u015ftiin\u0163ifice"},"content":{"rendered":"\t\t<div data-elementor-type=\"wp-page\" data-elementor-id=\"1058\" class=\"elementor elementor-1058\">\n\t\t\t\t\t\t\t<div class=\"elementor-element elementor-element-4232aa7a e-flex e-con-boxed e-con e-parent\" data-id=\"4232aa7a\" data-element_type=\"container\" data-settings=\"{&quot;content_width&quot;:&quot;boxed&quot;}\" data-core-v316-plus=\"true\">\n\t\t\t\t\t<div class=\"e-con-inner\">\n\t\t\t\t<div class=\"elementor-element elementor-element-3bbfb83a elementor-widget elementor-widget-text-editor\" data-id=\"3bbfb83a\" data-element_type=\"widget\" data-widget_type=\"text-editor.default\">\n\t\t\t\t<div class=\"elementor-widget-container\">\n\t\t\t<style>\/*! elementor - v3.17.0 - 08-11-2023 *\/\n.elementor-widget-text-editor.elementor-drop-cap-view-stacked .elementor-drop-cap{background-color:#69727d;color:#fff}.elementor-widget-text-editor.elementor-drop-cap-view-framed .elementor-drop-cap{color:#69727d;border:3px solid;background-color:transparent}.elementor-widget-text-editor:not(.elementor-drop-cap-view-default) .elementor-drop-cap{margin-top:8px}.elementor-widget-text-editor:not(.elementor-drop-cap-view-default) .elementor-drop-cap-letter{width:1em;height:1em}.elementor-widget-text-editor .elementor-drop-cap{float:left;text-align:center;line-height:1;font-size:50px}.elementor-widget-text-editor .elementor-drop-cap-letter{display:inline-block}<\/style>\t\t\t\t<!-- wp:html -->\n<div id=\"right\">\n<div id=\"fb-root\" class=\" fb_reset\">\n<div style=\"position: absolute; top: -10000px; width: 0px; height: 0px;\">\n<div>\u00a0<\/div>\n<\/div>\n<\/div>\n<script>(function(d, s, id) {\n        var js, fjs = d.getElementsByTagName(s)[0];\n        if (d.getElementById(id)) {return;}\n        js = d.createElement(s); js.id = id;\n        js.src = \"\/\/connect.facebook.net\/en_US\/all.js#xfbml=1\";\n        fjs.parentNode.insertBefore(js, fjs);\n      }(document, 'script', 'facebook-jssdk'));<\/script>\n<div class=\"fb-like fb_iframe_widget\" style=\"float: right;\" data-send=\"true\" data-width=\"320\" data-show-faces=\"false\"><span style=\"vertical-align: bottom; width: 320px; height: 20px;\"><iframe loading=\"lazy\" class=\"\" style=\"border: none; visibility: visible; width: 320px; height: 20px;\" title=\"fb:like Facebook Social Plugin\" src=\"https:\/\/www.facebook.com\/plugins\/like.php?app_id=&amp;channel=https%3A%2F%2Fstaticxx.facebook.com%2Fx%2Fconnect%2Fxd_arbiter%2F%3Fversion%3D46%23cb%3Dfdfbbbba8b5f6%26domain%3Dsimpara.ro%26is_canvas%3Dfalse%26origin%3Dhttp%253A%252F%252Fsimpara.ro%252Ffcfea7f0fd8444%26relation%3Dparent.parent&amp;container_width=0&amp;href=http%3A%2F%2Fsimpara.ro%2FRO%2FRO-115.htm&amp;locale=en_US&amp;sdk=joey&amp;send=true&amp;show_faces=false&amp;width=320\" name=\"f30bec9c20b8208\" width=\"320px\" height=\"1000px\" frameborder=\"0\" scrolling=\"no\" allowfullscreen=\"allowfullscreen\" data-testid=\"fb:like Facebook Social Plugin\"><\/iframe><\/span><\/div>\n<div class=\"content\">\n<h2>\u00a0<\/h2>\n<p><img loading=\"lazy\" decoding=\"async\" title=\"ca6\" src=\"\/pictures\/ca6.jpg\" alt=\"ca6\" width=\"81\" height=\"116\" align=\"left\" \/>V. Apostol, \u0218t. B\u00e2lici, <a href=\"\/strada-selari\/\"><em>Structuri arheologice din Centrul istoric al Bucure\u015ftiului<\/em><\/a>, Ed. ARA, Bucure\u0219ti, 2009-2013<\/p>\n<p>\u00a0<\/p>\n<p><strong>17 ianuarie 2013 <\/strong><\/p>\n<\/div>\n<div class=\"content\">\n<h2>\u00a0<\/h2>\n<p><img loading=\"lazy\" decoding=\"async\" style=\"width: 84px; height: 120px;\" title=\"mapa_rosia_ii_coperta_400\" src=\"\/pictures\/mapa_rosia_ii_coperta_400.jpg\" alt=\"mapa_rosia_ii_coperta_400\" width=\"84\" height=\"120\" align=\"left\" \/>V. Apostol, \u0218t. B\u00e2lici (ed.)<em>, <\/em><em><a href=\"\/1724-2\/\">Ro\u015fia Montan\u0103 &#8211; documente de arhitectur\u0103, II<\/a><\/em>, Ed. ARA, Bucure\u0219ti, 2012<\/p>\n<p>\u00a0<\/p>\n<p><strong>16\u00a0august 2012<\/strong><\/p>\n<\/div>\n<div class=\"content\">\n<h2>\u00a0<\/h2>\n<p><em><img loading=\"lazy\" decoding=\"async\" style=\"width: 80px; height: 115px;\" title=\"tumul_thumb_400\" src=\"\/pictures\/tumul_thumb_400.jpg\" alt=\"tumul_thumb_400\" width=\"80\" height=\"115\" align=\"left\" \/><\/em>V. Apostol, <em><a href=\"\/files\/Funerary%20Architecture%20in%20Alburnus%20Maior-Virgil%20Apostol.pdf\">Funerary architecture in Alburnus Maior (Ro\u015fia Montan\u0103): The circular monument <\/a>[<\/em><em>Arhitectur\u0103 funerar\u0103 de la Alburnus Maior (Ro\u015fia Montan\u0103): Monumentul\u00a0circular]<\/em>, Dacia, N.S., 48-49, Bucure\u0219ti, 2004-2005, p.249-282.<\/p>\n<p>\u00a0<\/p>\n<p><strong>31\u00a0iulie 2011<\/strong><\/p>\n<p>\u00a0<\/p>\n<p><em>Disponibil doar \u00een limba englez\u0103<\/em><\/p>\n<\/div>\n<div class=\"content\">\n<h2>\u00a0<\/h2>\n<p><img loading=\"lazy\" decoding=\"async\" title=\"ca4\" src=\"\/pictures\/ca4.jpg\" alt=\"ca4\" width=\"81\" height=\"114\" align=\"left\" \/>M. M\u0103rgineanu C\u00e2rstoiu, V. Apostol, \u0218t. B\u00e2lici<em>,<\/em><a href=\"\/files\/Membra%20II_ARA.pdf\"><em> Membra Disiecta. Roman Lithic Fragments in Ha\u021beg (Part II)<\/em><\/a> [<em>Membra disiecta. Fragmente litice romane\u00a0\u00een Ha\u0163eg (partea a II-a)<\/em>], Dacia, N.S., 53, Bucure\u0219ti, 2009, p.47-112<\/p>\n<p>\u00a0<\/p>\n<p><strong>20 decembrie 2010<\/strong><\/p>\n<p>\u00a0<\/p>\n<p><em>Disponibil doar \u00een limba englez\u0103<\/em><\/p>\n<\/div>\n<div class=\"content\">\n<h2>\u00a0<\/h2>\n<p><img loading=\"lazy\" decoding=\"async\" title=\"coperta_120\" src=\"\/pictures\/coperta_120.jpg\" alt=\"coperta_120\" width=\"84\" height=\"120\" align=\"left\" \/>V. Apostol, \u0218t. B\u00e2lici (ed.)<em>, <\/em><a href=\"\/1724-2\/\"><em>Ro\u015fia Montan\u0103 &#8211; documente de arhitectur\u0103, I<\/em><\/a>, Ed. ARA, Bucure\u0219ti, 2010<\/p>\n<p>\u00a0<\/p>\n<p><strong>21 mai 2010<\/strong><\/p>\n<\/div>\n<div class=\"content\">\n<h2>\u00a0<\/h2>\n<p><img loading=\"lazy\" decoding=\"async\" title=\"ca7\" src=\"\/pictures\/ca7.jpg\" alt=\"ca7\" width=\"81\" height=\"115\" align=\"left\" \/>\u0218t. B\u00e2lici, V. Apostol, C. Apostol<em>, <\/em><a href=\"\/puz-rosia-montana\/\"><em>Plan Urbanistic Zonal &#8211; Zona istoric\u0103 central\u0103 Ro\u015fia Montan\u0103<\/em><\/a>, Ed. ARA, Bucure\u0219ti, 2007\u00a0\u00a0<\/p>\n<p><span style=\"font-family: Arial; color: black; font-size: 10pt;\"><span style=\"font-size: xx-small;\">Aceast\u0103 publica\u0163ie reune\u015fte studiile de fundamentare, memoriul \u015fi reglement\u0103rile realizate pentru Planul Urbanistic Zonal al Zonei istorice centrale Ro\u015fia Montan\u0103.\u00a0<\/span><\/span><span style=\"font-family: Arial; color: black; font-size: 10pt;\"><span style=\"font-size: xx-small;\">Comisia Na\u0163ional\u0103 a Monumentelor Istorice a\u00a0recomandat &#8222;<em><span style=\"font-family: Arial;\">includerea versan\u0163ilor masivelor C\u00e2rnic \u015fi Jig, p\u00e2n\u0103 la cump\u0103na apelor, \u00een perimetrul Zonei istorice centrale Ro\u015fia Montan\u0103<\/span><\/em>&#8222;. <\/span><\/span><span style=\"font-family: Arial; color: black; font-size: 10pt;\"><span style=\"font-size: xx-small;\">Dup\u0103 integrarea recomand\u0103rii \u00een documenta\u0163ie, Consiliul Local Ro\u015fia Montan\u0103 a decis, ignor\u00e2nd aceast\u0103 recomandare, suspendarea procesului de avizare \u015fi aprobare a Planul Urbanistic Zonal al Zonei istorice centrale Ro\u015fia Montan\u0103.<\/span><\/span><\/p>\n<\/div>\n<\/div>\n<!-- \/wp:html -->\t\t\t\t\t\t<\/div>\n\t\t\t\t<\/div>\n\t\t\t\t\t<\/div>\n\t\t\t\t<\/div>\n\t\t\t\t\t\t\t<\/div>\n\t\t","protected":false},"excerpt":{"rendered":"<p>\u00a0 \u00a0 V. Apostol, \u0218t. B\u00e2lici, Structuri arheologice din Centrul istoric al Bucure\u015ftiului, Ed. ARA, Bucure\u0219ti, 2009-2013 \u00a0 17 ianuarie 2013 \u00a0 V. Apostol, \u0218t. B\u00e2lici (ed.), Ro\u015fia Montan\u0103 &#8211; documente de arhitectur\u0103, II,&#46;&#46;&#46;<\/p>\n","protected":false},"author":1,"featured_media":0,"parent":0,"menu_order":0,"comment_status":"closed","ping_status":"closed","template":"","meta":{"footnotes":""},"class_list":["post-1058","page","type-page","status-publish","hentry"],"_links":{"self":[{"href":"https:\/\/simpara.ro\/index.php?rest_route=\/wp\/v2\/pages\/1058","targetHints":{"allow":["GET"]}}],"collection":[{"href":"https:\/\/simpara.ro\/index.php?rest_route=\/wp\/v2\/pages"}],"about":[{"href":"https:\/\/simpara.ro\/index.php?rest_route=\/wp\/v2\/types\/page"}],"author":[{"embeddable":true,"href":"https:\/\/simpara.ro\/index.php?rest_route=\/wp\/v2\/users\/1"}],"replies":[{"embeddable":true,"href":"https:\/\/simpara.ro\/index.php?rest_route=%2Fwp%2Fv2%2Fcomments&post=1058"}],"version-history":[{"count":15,"href":"https:\/\/simpara.ro\/index.php?rest_route=\/wp\/v2\/pages\/1058\/revisions"}],"predecessor-version":[{"id":3904,"href":"https:\/\/simpara.ro\/index.php?rest_route=\/wp\/v2\/pages\/1058\/revisions\/3904"}],"wp:attachment":[{"href":"https:\/\/simpara.ro\/index.php?rest_route=%2Fwp%2Fv2%2Fmedia&parent=1058"}],"curies":[{"name":"wp","href":"https:\/\/api.w.org\/{rel}","templated":true}]}}