{"id":813,"date":"2023-09-29T10:12:57","date_gmt":"2023-09-29T10:12:57","guid":{"rendered":"https:\/\/nou.simpara.ro\/?page_id=813"},"modified":"2023-11-14T12:16:51","modified_gmt":"2023-11-14T12:16:51","slug":"heritage-at-risk","status":"publish","type":"page","link":"https:\/\/simpara.ro\/?page_id=813&lang=en","title":{"rendered":"heritage at risk"},"content":{"rendered":"\n<div id=\"fb-root\" class=\" fb_reset\"><div style=\"position: absolute; top: -10000px; width: 0px; height: 0px;\"><div><\/div><\/div><\/div>\n<script>(function(d, s, id) {\n        var js, fjs = d.getElementsByTagName(s)[0];\n        if (d.getElementById(id)) {return;}\n        js = d.createElement(s); js.id = id;\n        js.src = \"\/\/connect.facebook.net\/en_US\/all.js#xfbml=1\";\n        fjs.parentNode.insertBefore(js, fjs);\n      }(document, 'script', 'facebook-jssdk'));<\/script>\n<div class=\"fb-like fb_iframe_widget\" data-send=\"true\" data-width=\"320\" data-show-faces=\"false\" style=\"float:right\" fb-xfbml-state=\"rendered\" fb-iframe-plugin-query=\"app_id=&amp;container_width=0&amp;href=http%3A%2F%2Fsimpara.ro%2FGB%2Fheritage-at-risk-109.htm&amp;locale=en_US&amp;sdk=joey&amp;send=true&amp;show_faces=false&amp;width=320\"><span style=\"vertical-align: bottom; width: 320px; height: 20px;\"><iframe loading=\"lazy\" name=\"f83a064dfffad4\" width=\"320px\" height=\"1000px\" data-testid=\"fb:like Facebook Social Plugin\" title=\"fb:like Facebook Social Plugin\" frameborder=\"0\" allowtransparency=\"true\" allowfullscreen=\"true\" scrolling=\"no\" allow=\"encrypted-media\" src=\"https:\/\/www.facebook.com\/plugins\/like.php?app_id=&amp;channel=https%3A%2F%2Fstaticxx.facebook.com%2Fx%2Fconnect%2Fxd_arbiter%2F%3Fversion%3D46%23cb%3Df18f7b7ec3771c8%26domain%3Dsimpara.ro%26is_canvas%3Dfalse%26origin%3Dhttp%253A%252F%252Fsimpara.ro%252Ff18de43dde11688%26relation%3Dparent.parent&amp;container_width=0&amp;href=http%3A%2F%2Fsimpara.ro%2FGB%2Fheritage-at-risk-109.htm&amp;locale=en_US&amp;sdk=joey&amp;send=true&amp;show_faces=false&amp;width=320\" style=\"border: none; visibility: visible; width: 320px; height: 20px;\" class=\"\"><\/iframe><\/span><\/div>\n<iframe loading=\"lazy\" style=\"border: none; visibility: visible; width: 0px; height: 0px;\" title=\"fb:like Facebook Social Plugin\" src=\"https:\/\/web.facebook.com\/plugins\/like.php?app_id=&amp;channel=https%3A%2F%2Fstaticxx.facebook.com%2Fx%2Fconnect%2Fxd_arbiter%2F%3Fversion%3D46%23cb%3Df3ae1d19309d8e4%26domain%3Dsimpara.ro%26is_canvas%3Dfalse%26origin%3Dhttp%253A%252F%252Fsimpara.ro%252Ff9d44f2bc8c87%26relation%3Dparent.parent&amp;container_width=0&amp;href=http%3A%2F%2Fsimpara.ro%2FGB%2Fheritage-at-risk-109.htm&amp;locale=en_US&amp;sdk=joey&amp;send=true&amp;show_faces=false&amp;width=320\" name=\"f116881227077c\" width=\"320px\" height=\"1000px\" frameborder=\"0\" scrolling=\"no\" allowfullscreen=\"allowfullscreen\" data-testid=\"fb:like Facebook Social Plugin\"><\/iframe>\n<h2>\u00a0<\/h2>\nStatistic data on the condition state constructed heritage of Romania are disquieting: 75% of the historical monuments are in danger and 35% of them are in advanced state of degradation. <br \/>In these conditions, we do not intend, within the chapter Monuments in danger, to monitories this wast field, but we track only a certain category, unfortunately not less well represented: endangered monuments due to destructive actions of those that had the duty to protect them: the administrative authorities or the restaurateurs themselves.\n<h2>\u00a0<\/h2>\n<h2>\u00a0<\/h2>\n<p><img loading=\"lazy\" decoding=\"async\" title=\"rosia_presedinte_thumb_400\" src=\"\/pictures\/rosia_presedinte_thumb_400.jpg\" alt=\"rosia_presedinte_thumb_400\" width=\"82\" height=\"82\" align=\"left\" \/><strong>Ro\u0219ia Montan\u0103: Open letter to Romanian President Klaus Iohannis<\/strong><\/p>\n<p><strong>19 iunie 2018<\/strong><\/p>\n<p>Available only in the Romanian section of the site\u00a0<\/p>\n<h2>\u00a0<\/h2>\n<img loading=\"lazy\" decoding=\"async\" title=\"liber_la_distrugerea_patrimoniului_thumb_400\" src=\"\/pictures\/liber_la_distrugerea_patrimoniului_thumb_400.png\" alt=\"liber_la_distrugerea_patrimoniului_thumb_400\" width=\"82\" height=\"82\" align=\"left\" \/>\n<p><a href=\"\/ara-press-release-on-heritage-distructive-legal-proposal\/\">ARA Press release on heritage distructive legal proposal<\/a><\/p>\n<p>\u00a0<\/p>\n<p><strong>April 07th, 2018<\/strong><\/p>\n<p>Available only in the Romanian section of the site \u00a0<\/p>\n<h2>\u00a0<\/h2>\n<h2>\u00a0<\/h2>\n<img loading=\"lazy\" decoding=\"async\" title=\"serpentine\" src=\"\/pictures\/intrari%20de%20serpentinit_th.jpg\" alt=\"serpentine\" width=\"82\" height=\"82\" align=\"left\" \/><a href=\"\/bucuresti-intrari-de-serpentinit\/\">BUCHAREST: Serpentine entrances<\/a> <strong><br \/><\/strong>\n<p>\u00a0<\/p>\n<p><strong>\u00a0<\/strong>\u00a0<\/p>\n<p><strong>April 02nd, 2015<\/strong><\/p>\n<p>\u00a0<\/p>\n<h2>\u00a0<\/h2>\n<img loading=\"lazy\" decoding=\"async\" title=\"scoala_pitar_mos\" src=\"\/pictures\/pitar%20mos2_tumbnail%20patrat.jpg\" alt=\"scoala_pitar_mos\" width=\"82\" height=\"82\" align=\"left\" \/> <strong><a href=\"\/bucharest-pitar-mos-school\/\">BUCHAREST: The school from Pitar Mo\u0219<\/a> <\/strong><br \/>\n<p>\u00a0<\/p>\n<p>\u00a0<\/p>\n<p><strong>March 06th, 2015<\/strong><\/p>\n<p>\u00a0<\/p>\n<h2>\u00a0<\/h2>\n<img loading=\"lazy\" decoding=\"async\" title=\"casa_haret_mic\" src=\"\/pictures\/tumbnail_temesana.jpg\" alt=\"casa_haret_mic\" width=\"82\" height=\"82\" align=\"left\" \/><strong><a href=\"\/bucharest-house-2-4-temisana-street\/\">BUCHAREST: House 2-4 Temi\u0219ana street<\/a> <\/strong><br \/>\n<p>\u00a0<\/p>\n<p>\u00a0<\/p>\n<p><strong>February 18th, 2015<\/strong><\/p>\n<p>\u00a0<\/p>\n<h2>\u00a0<\/h2>\n<img loading=\"lazy\" decoding=\"async\" title=\"casa_haret_mic\" src=\"\/pictures\/casa_haret_mic.jpg\" alt=\"casa_haret_mic\" width=\"82\" height=\"82\" align=\"left\" \/><strong>BUCHAREST: Spiru Haret House<\/strong><br \/>\n<p>\u00a0<\/p>\n<p><strong>January 23th, 2014<\/strong><\/p>\n<p>Available only in the Romanian section of the site\u00a0<\/p>\n<p>\u00a0<\/p>\n<h2>\u00a0<\/h2>\n<p><img loading=\"lazy\" decoding=\"async\" title=\"europa_nostra_ara_400\" src=\"\/pictures\/europa_nostra_ara_400.jpg\" alt=\"europa_nostra_ara_400\" width=\"82\" height=\"82\" align=\"left\" \/><strong>RO\u015eIA MONTAN\u0102<\/strong><\/p>\n<p><em><a href=\"\/rosia-montana\/\">EUROPA NOSTRA warns the Romanian State on the catastrophic precedent represented by the special law for the destruction of Ro\u0219ia Montan\u0103 and launches a new imperative call to save the heritage of Ro\u0219ia Montan\u0103<\/a> <a href=\"\/ICOMOS-2011-368.htm\"> <br \/><\/a><\/em><\/p>\n<p><strong>October 15<sup><sub>th<\/sub><\/sup>, 2013<\/strong><\/p>\n<p>\u00a0<\/p>\n<h2>\u00a0<\/h2>\n<p><img loading=\"lazy\" decoding=\"async\" title=\"radu_salcudean_thumb_400\" src=\"\/pictures\/radu_salcudean_thumb_400.jpg\" alt=\"radu_salcudean_thumb_400\" width=\"82\" height=\"82\" align=\"left\" \/><strong>RO\u015eIA MONTAN\u0102<\/strong><\/p>\n<p><a href=\"\/icomos-calls\/\"><em>ICOMOS calls imperatively for the Romanian State to rescue the cultural heritage of outstanding significance from Ro\u0219ia Montan\u0103 and warns on the impending threat represented by RMGC mining operations<\/em><\/a><\/p>\n<p><strong>October 8<sub><sup>th<\/sup><\/sub>, 2013<\/strong><\/p>\n<p>\u00a0<\/p>\n<h2>\u00a0<\/h2>\n<p><img loading=\"lazy\" decoding=\"async\" title=\"thumbbarbu2_400\" src=\"\/pictures\/thumbbarbu2_400.jpg\" alt=\"thumbbarbu2_400\" width=\"82\" height=\"78\" align=\"left\" \/><strong>RO\u0218IA MONTAN\u0102<\/strong><\/p>\n<p><em>Disinformation and the Minister Daniel Barbu. The victim: Ro\u0219ia Montan\u0103 <\/em><\/p>\n<p><strong>September 22<sub><sup>nd<\/sup><\/sub>, 2013<\/strong><\/p>\n<p>Available only in the Romanian section of the site<\/p>\n<h2>\u00a0<\/h2>\n<p><img loading=\"lazy\" decoding=\"async\" title=\"thumbbarbu2_400\" src=\"\/pictures\/thumbbarbu2_400.jpg\" alt=\"thumbbarbu2_400\" width=\"82\" height=\"78\" align=\"left\" \/><strong>RO\u0218IA MONTAN\u0102<\/strong><\/p>\n<p><em>The &#8222;Cheat-sheet&#8221; of Minister Daniel Barbu or on &#8222;Copy\/Paste&#8221; <\/em> <\/p>\n<p><strong>September 22<sub><sup>nd<\/sup><\/sub>, 2013<\/strong><\/p>\n<p>Available only in the Romanian section of the site<\/p>\n<h2>\u00a0<\/h2>\n<p><img loading=\"lazy\" decoding=\"async\" title=\"barbu_thumbnail_400\" src=\"\/pictures\/barbu_thumbnail_400.jpg\" alt=\"barbu_thumbnail_400\" width=\"82\" height=\"78\" align=\"left\" \/><strong>RO\u0218IA MONTAN\u0102<\/strong><\/p>\n<p><em><a href=\"\/open-letter-to-the-minister-of-culture-mr-daniel-barbu\/\">Open Letter to the Minister of Culture, Mr. Daniel Barbu<\/a><\/em> <\/p>\n<p><strong>September 14<sup><sub>th<\/sub><\/sup>, 2013<\/strong><\/p>\n<p>Available only in Romanian section of the site<\/p>\n<h2>\u00a0<\/h2>\n<h2>\u00a0<\/h2>\n<p><strong><img loading=\"lazy\" decoding=\"async\" title=\"grilajmatache_400\" src=\"\/pictures\/grilajmatache_400.jpg\" alt=\"grilajmatache_400\" width=\"82\" height=\"82\" align=\"left\" \/><a href=\"\/hala-matache-demolished\/\">BUCURE\u015eTI: Hala Matache <\/a> <\/strong><\/p>\n<p><em><a href=\"\/hala-matache-demolished\/\">Plundererd Heritage<\/a> <br \/><\/em><\/p>\n<p>\u00a0<\/p>\n<p><strong>March 27<sub><sup>th<\/sup><\/sub>, 2013<\/strong><\/p>\n<p>\u00a0<\/p>\n<h2>\u00a0<\/h2>\n<p><img loading=\"lazy\" decoding=\"async\" title=\"rm\" src=\"\/pictures\/rm.jpg\" alt=\"rm\" width=\"82\" height=\"82\" align=\"left\" \/><strong>RO\u015eIA MONTAN\u0102<\/strong><\/p>\n<p><a href=\"\/lobby-or-public-consultation\/\">Lobby or public consultation?<\/a> <\/p>\n<p><em>Joint letter signed by ICOMOS Romania, Order of Architects of Romania, the Union of Architects of Romania, the Association ARA and ProPatrimonio Foundation regarding the public consultation issued by the Ministry of Environment and Climate Change on the Rosia Montana Gold Corporation mining project <\/em><\/p>\n<p><strong>\u00a0\u00a0\u00a0\u00a0\u00a0\u00a0\u00a0\u00a0\u00a0\u00a0\u00a0\u00a0\u00a0\u00a0\u00a0\u00a0\u00a0\u00a0\u00a0\u00a0\u00a0\u00a0 July 30<sup><sub>th<\/sub><\/sup>, 2013<\/strong><\/p>\n<p>\u00a0<\/p>\n<p>\u00a0<\/p>\n<h2>\u00a0<\/h2>\n<p><img loading=\"lazy\" decoding=\"async\" style=\"width: 83px; height: 83px;\" title=\"lipscani3034_400\" src=\"\/pictures\/lipscani3034_400.jpg\" alt=\"lipscani3034_400\" width=\"83\" height=\"83\" align=\"left\" \/><\/p>\n<p><strong>BUCHAREST: Historic Centre<\/strong><\/p>\n<p>\u00a0<\/p>\n<p>How the historical center is being protected: by demolishing its monuments. 30-34th Lipscani Street<\/p>\n<p><strong>March 8<sub><sup>th<\/sup><\/sub>,\u00a02012<\/strong><\/p>\n<p>Available ony in the Romanian section of the site<\/p>\n<h2>\u00a0<\/h2>\n<p><img loading=\"lazy\" decoding=\"async\" style=\"width: 82px; height: 83px;\" title=\"picture144\" src=\"\/pictures\/picture144.jpg\" alt=\"picture144\" width=\"82\" height=\"83\" align=\"left\" \/><\/p>\n<p><em><strong>The Ministry, the Minister and the Cultural Heritage<\/strong>\u00a0<\/em><\/p>\n<p><em>A Sad Memento<\/em><\/p>\n<p><strong>February 18<sup><sub>th<\/sub><\/sup>, 2012<\/strong><\/p>\n<p>Available ony in the Romanian section of the site<\/p>\n<h2>\u00a0<\/h2>\n<strong><img loading=\"lazy\" decoding=\"async\" title=\"foto_120\" src=\"\/pictures\/foto_120.jpg\" alt=\"foto_120\" width=\"82\" height=\"82\" align=\"left\" \/>BUCHAREST: From daily vandalism <\/strong>\n<p><em>The Profanation of Macca&#8217;s Family Sepulchre <\/em><\/p>\n<p><strong>January 10<sub><sup>th<\/sup><\/sub>, 2012 <\/strong><\/p>\n<p>Available ony in the Romanian section of the site\u00a0<\/p>\n<h2>\u00a0<\/h2>\n<strong><img loading=\"lazy\" decoding=\"async\" title=\"castelul_buia_120.\" src=\"\/pictures\/castelul_buia_120.jpeg\" alt=\"castelul_buia_120.\" width=\"82\" height=\"82\" align=\"left\" \/><\/strong><strong>BUIA: <\/strong><strong>Bolyai Castle<\/strong> \n<p><em>Nobiliar Court Condemned to Dissapear<\/em> <\/p>\n<p><strong>January 5<sup><sub>th<\/sub><\/sup>, 2012<\/strong><\/p>\n<p>Available ony in the Romanian section of the site<\/p>\n<h2>\u00a0<\/h2>\n<p><img loading=\"lazy\" decoding=\"async\" title=\"rm\" src=\"\/pictures\/rm.jpg\" alt=\"rm\" width=\"82\" height=\"82\" align=\"left\" \/><strong>RO\u015eIA MONTAN\u0102<\/strong><\/p>\n<p><em>The ARA Association&#8217;s Observations and Recommendations on the announced intention of The Local Council of Rosia Montana of drawing up a new General Urban Plan<\/em><\/p>\n<p><strong>December 22<sup><sub>nd<\/sub><\/sup>, 2011<\/strong><\/p>\n<p>Available ony in the Romanian section of the site<\/p>\n<p>\u00a0<\/p>\n<h2>\u00a0<\/h2>\n<p><img loading=\"lazy\" decoding=\"async\" title=\"rm\" src=\"\/pictures\/rm.jpg\" alt=\"rm\" width=\"82\" height=\"82\" align=\"left\" \/><strong>RO\u015eIA MONTAN\u0102<\/strong><\/p>\n<p><em>Final attack on Ro\u015fia Montan\u0103?<\/em><\/p>\n<p style=\"margin-left: 35.45pt;\">Open letter addressed to Prime Minister of Romania.<\/p>\n<p><strong>July, 15<sub><sup>th<\/sup><\/sub> 2011<\/strong><\/p>\n<p>Available only in the Romanian section of the site<\/p>\n<p>\u00a0<\/p>\n<h2>\u00a0<\/h2>\n<p><strong><img loading=\"lazy\" decoding=\"async\" title=\"sarmizegetusaregiathesacredarea_120\" src=\"\/pictures\/sarmizegetusaregiathesacredarea_120.jpg\" alt=\"sarmizegetusaregiathesacredarea_120\" width=\"82\" height=\"82\" align=\"left\" \/><a href=\"\/sarmizegetusa-in-danger\/\">SARMIZEGETUSA IN DANGER!<\/a> <\/strong><\/p>\n<p>\u00a0<\/p>\n<p><strong>July 12<sup>th<\/sup><sub>,<\/sub> 2011<\/strong><\/p>\n<p>Available only in the Romanian section of the site<\/p>\n<p>\u00a0<\/p>\n<h2>\u00a0<\/h2>\n<p><strong><img loading=\"lazy\" decoding=\"async\" style=\"width: 83px; height: 93px;\" title=\"thumb_film_400\" src=\"\/pictures\/thumb_film_400.jpg\" alt=\"thumb_film_400\" width=\"83\" height=\"93\" align=\"left\" \/>Testimonials from Ro\u015fia Montan\u0103<\/strong><\/p>\n<p>by Nicolae M\u0103rgineanu<\/p>\n<p>\u00a0<\/p>\n<p><strong>Septembre <strong>15<sup><sub>th<\/sub><\/sup> <\/strong>,\u00a02011<\/strong><\/p>\n<p>available only in the Romanian section of the site<\/p>\n<h2>\u00a0<\/h2>\n<p><img loading=\"lazy\" decoding=\"async\" title=\"rm\" src=\"\/pictures\/rm.jpg\" alt=\"rm\" width=\"82\" height=\"82\" align=\"left\" \/><strong>RO\u015eIA MONTAN\u0102<\/strong><\/p>\n<p><em><a href=\"\/ICOMOS-2011-368.htm\">ICOMOS again requests that the Romanian State saves this historic site<\/a><\/em><\/p>\n<p><strong>Decembre 1<sup><sub>st,<\/sub><\/sup>\u00a02011<\/strong><\/p>\n<p>\u00a0<\/p>\n<h2>\u00a0<\/h2>\n<p><strong><img loading=\"lazy\" decoding=\"async\" style=\"width: 82px; height: 78px;\" title=\"sf_sava_thumbnail_1\" src=\"\/pictures\/sf_sava_thumbnail_1.jpg\" alt=\"sf_sava_thumbnail_1\" width=\"82\" height=\"78\" align=\"left\" \/>BUCHAREST: University Square<\/strong><\/p>\n<p><em>Destroyers.The\u00a0vestiges of the Princely Academy have been destoyed.<\/em><\/p>\n<p><strong>Mai 9<sup><sub>th<\/sub><\/sup>, 2011<\/strong><\/p>\n<p>Available only in the Romanian section of the site<\/p>\n<p>\u00a0<\/p>\n<h2>\u00a0<\/h2>\n<p><strong><img loading=\"lazy\" decoding=\"async\" style=\"width: 82px; height: 82px;\" title=\"thumb\" src=\"\/pictures\/thumb.jpg\" alt=\"thumb\" width=\"82\" height=\"82\" align=\"left\" \/>BUCHAREST<\/strong><\/p>\n<p><em>The Bucharest of sad windows<\/em><\/p>\n<p><strong>Mai\u00a04<sub><sup>th<\/sup><\/sub>, 2011<\/strong><\/p>\n<p>Available only in the Romanian section of the site<\/p>\n<p>\u00a0<\/p>\n<h2>\u00a0<\/h2>\n<p><strong><img loading=\"lazy\" decoding=\"async\" style=\"width: 82px; height: 78px;\" title=\"sf_sava_thumbnail_1\" src=\"\/pictures\/sf_sava_thumbnail_1.jpg\" alt=\"sf_sava_thumbnail_1\" width=\"82\" height=\"78\" align=\"left\" \/>BUCHAREST: University Square<\/strong><\/p>\n<p><em>The cultural heritage of the Capital City is about to suffer a new loss: The Princely Academy<\/em><\/p>\n<p><strong>April, 21<\/strong><sup>st<\/sup><strong> 2011<\/strong><\/p>\n<p>Available only in the Romanian section of the site<\/p>\n<p>\u00a0<\/p>\n<h2>\u00a0<\/h2>\n<p><img loading=\"lazy\" decoding=\"async\" title=\"rm\" src=\"\/pictures\/rm.jpg\" alt=\"rm\" width=\"82\" height=\"82\" align=\"left\" \/><strong>RO\u015eIA MONTAN\u0102<\/strong><\/p>\n<p><em>ARA contests the decision announced by Sibiu Regional Agency for Environmental Protection to issue the environmental permit for the Zoning Plan (PUZ) of Ro\u015fia Montan\u0103 Mining Project<\/em><\/p>\n<p><strong>March 19<sub><sup>th,<\/sup><\/sub> 2011<\/strong><\/p>\n<p>Available only in the Romanian section of the site<\/p>\n<p>\u00a0<\/p>\n<p>\u00a0<\/p>\n<h2>\u00a0<\/h2>\n<p><img loading=\"lazy\" decoding=\"async\" title=\"rm\" src=\"\/pictures\/rm.jpg\" alt=\"rm\" width=\"82\" height=\"82\" align=\"left\" \/><strong>RO\u015eIA MONTAN\u0102<\/strong><\/p>\n<p><em>ARA and Pro Patrimonio demand Romania&#8217;s Minister for the Environment and Forests not to\u00a0issue the environmental permit for Ro\u015fia Montan\u0103 Mining Project<\/em><\/p>\n<p><strong>April\u00a018<sup><sub>th, <\/sub><\/sup>2011<\/strong><\/p>\n<p>Available only in the Romanian section of the site<\/p>\n<p>\u00a0<\/p>\n<h2>\u00a0<\/h2>\n<p><img loading=\"lazy\" decoding=\"async\" title=\"rm\" src=\"\/pictures\/rm.jpg\" alt=\"rm\" width=\"82\" height=\"82\" align=\"left\" \/><strong><a href=\"\/GB\/Masivul-C\u00e2rnic-este-monument-istoric-219.htm\">RO\u015eIA MONTAN\u0102<\/a><\/strong><\/p>\n<p><em><a href=\"\/rosia-montanas-carnic\/\">Ro\u015fia Montan\u0103&#8217;s C\u00e2rnic Massif is officially a historic monument. Any permit that allows mining of the C\u00e2rnic Massif is illegal!<\/a><\/em><\/p>\n<p><strong>February 21<sup><sub>st,<\/sub><\/sup>\u00a02011<\/strong><\/p>\n<p>\u00a0<\/p>\n<h2>\u00a0<\/h2>\n<p><img loading=\"lazy\" decoding=\"async\" title=\"rm\" src=\"\/pictures\/rm.jpg\" alt=\"rm\" width=\"82\" height=\"82\" align=\"left\" \/><strong>RO\u015eIA MONTAN\u0102<\/strong><\/p>\n<p><a href=\"https:\/\/nou.simpara.ro\/wp-content\/uploads\/2023\/10\/Replay-request_2010.04.27.pdf\"><em>Request to inscribe the Ro\u015fia Montan\u0103 mining landscape into Romania&#8217;s Indicative List of historic monuments that are proposed for inscription into UNESCO&#8217;s Word Heritage List\u00a0<\/em><\/a><\/p>\n<p><strong>April 27<sub><sup>th<\/sup><\/sub>, 2010<\/strong><\/p>\n<p>\u00a0<\/p>\n<p><a href=\"\/background-note\/\">Background note<\/a><\/p>\n<p><a href=\"\/files\/dosar%20tentativ%20list_27.04.2010_FR.pdf\"><em>Background Note presented in the form necessary to be inscribed into Romania&#8217;s Tentativ List\u00a0(in French)<\/em><\/a>\u00a0(pdf)<\/p>\n<p>\u00a0<\/p>\n<h2>\u00a0<\/h2>\n<address><img loading=\"lazy\" decoding=\"async\" style=\"width: 82px; height: 82px;\" title=\"plan_citadela_120\" src=\"\/pictures\/plan_citadela_120.jpg\" alt=\"plan_citadela_120\" width=\"82\" height=\"82\" align=\"left\" \/><strong>SIBIU<\/strong><\/address><address><em>Request to invalidate inappropriate urban regulations in the historic town of Sibiu<\/em><\/address><address><strong>September 8<sub><sup>th<\/sup><\/sub>, 2009<\/strong><\/address><address>Available only in the Romanian section of the site<\/address>\n<h2>\u00a0<\/h2>\n<p><img loading=\"lazy\" decoding=\"async\" style=\"width: 82px; height: 82px;\" src=\"\/pictures\/rm.jpg\" alt=\"\" width=\"82\" height=\"82\" align=\"left\" \/><strong>RO\u015eIA MONTAN\u0102<\/strong><\/p>\n<p><em> Open Letter on the historic site of Ro\u015fia Montan\u0103<\/em><br \/><strong>December 23<sub><sup>rd<\/sup><\/sub>, 2009<\/strong><\/p>\n<p>Available only in the Romanian section of the site<\/p>\n<h2>\u00a0<\/h2>\n<p><img loading=\"lazy\" decoding=\"async\" title=\"rm\" src=\"\/pictures\/rm.jpg\" alt=\"rm\" width=\"82\" height=\"82\" align=\"left\" \/><strong><u>RO\u015eIA MONTAN\u0102<\/u><\/strong><br \/><em>Request addressed to MCCPCN for including the site of Ro\u015fia Montan\u0103 in the Indicative List of Romania for the UNESCO World Heritage List.<\/em> (Request available only in the Romanian section of the site)<strong><br \/><\/strong><strong>June 11<sup>th<\/sup>, 2009<\/strong><\/p>\n<p><a href=\"\/background-note\/\">Background note<\/a><\/p>\n<p><a href=\"\/dosar tentativ list_27.04.2010_FR.pdf\"><em>Background Note regarding the universal value of The Historic Site of Ro\u015fia Montan\u0103<\/em><\/a>\u00a0(pdf)<\/p>\n<h2>\u00a0<\/h2>\n<p><img loading=\"lazy\" decoding=\"async\" style=\"width: 82px; height: 82px;\" src=\"\/pictures\/rm.jpg\" alt=\"\" width=\"82\" height=\"82\" align=\"left\" \/><strong>RO\u015eIA MONTAN\u0102<\/strong><br \/><em>Renewal request for including into the Historical Monuments List of some valuable buildings from Ro\u015fia Montan\u0103<\/em><\/p>\n<p><strong>June 11<sub><sup>th<\/sup><\/sub>, 2009<\/strong><br \/>Available ony in the Romanian section of the site<\/p>\n<h2>\u00a0<\/h2>\n<p><img loading=\"lazy\" decoding=\"async\" title=\"tgjiu\" src=\"\/pictures\/tgjiu.jpg\" alt=\"tgjiu\" width=\"82\" height=\"81\" align=\"left\" \/> <strong>T\u00c2RGU JIU:\u00a0 Br\u00e2ncu\u0219i Ensemble<\/strong><br \/><em>The &#8222;restoration&#8221; of Br\u00e2ncu\u015fi at T\u00e2rgu Jiu (The Gate of the Kiss, Table of Silence)\u00a0<\/em><br \/><strong>February 21<sub><sup>st<\/sup><\/sub>, 2009<\/strong><br \/>Available only in the Romanian section of the site<\/p>\n<h2>\u00a0<\/h2>\n<p><strong><img loading=\"lazy\" decoding=\"async\" title=\"stirbei\" src=\"\/pictures\/stirbei.jpg\" alt=\"stirbei\" width=\"82\" height=\"82\" align=\"left\" \/> BUCURE\u015eTI: \u015etirbei Palace \u00a0 <\/strong><br \/><em>Other demolations in Bucure\u015fti: Calea Victoriei &#8211; \u015etirbei Palace<\/em>\u00a0<br \/><strong>February 13<sup><sub>th<\/sub><\/sup> , 2009<\/strong><\/p>\n<p>Available only in the Romanian section of the site.<\/p>\n<h2>\u00a0<\/h2>\n<p><img loading=\"lazy\" decoding=\"async\" title=\"rm\" src=\"\/pictures\/rm.jpg\" alt=\"rm\" width=\"82\" height=\"82\" align=\"left\" \/> <strong>RO\u015eIA MONTAN\u0102:<\/strong><br \/><em>Ro\u015fia Montan\u0103: ICOMOS asks again the Romanian state to save the site<\/em><br \/><strong>November 27<sup><sub>th,<\/sub><\/sup>\u00a0 2008<\/strong><\/p>\n<p>Available only in the Romanian section of the site<\/p>\n<h2>\u00a0<\/h2>\n<p><img loading=\"lazy\" decoding=\"async\" title=\"satele_sasesti\" src=\"\/pictures\/satele_sasesti.jpg\" alt=\"satele_sasesti\" width=\"81\" height=\"81\" align=\"left\" \/><em> The cultural heritage assaulted again! A new case: Transylvanian Saxon villages\u00a0<\/em><\/p>\n<p><strong>November 28<sup><sub>th, <\/sub><\/sup>2008<\/strong><\/p>\n<p>Available only in the Romanian version of the site.<\/p>\n<h2>\u00a0<\/h2>\n<p><strong><img loading=\"lazy\" decoding=\"async\" title=\"comandau\" src=\"\/pictures\/comandau.jpg\" alt=\"comandau\" width=\"81\" height=\"81\" align=\"left\" \/> COMAND\u0102U: Inclined Plane<\/strong><br \/><em>Technical ensemble &#8222;Inclined plane of Comand\u0103u&#8221; in danger<\/em><br \/><strong>October 2<sup><sub>nd<\/sub><\/sup>, 2008<\/strong><\/p>\n<p>Available only in the Romanian section of the site<\/p>\n<h2>\u00a0<\/h2>\n<p><img loading=\"lazy\" decoding=\"async\" title=\"rm\" src=\"\/pictures\/rm.jpg\" alt=\"rm\" width=\"82\" height=\"82\" align=\"left\" \/> <strong>RO\u015eIA MONTAN\u0102:<\/strong><br \/><em>Press release &#8211; Aggression against the national heritage goes on. The mining company resumes the demolition program. ARA Association requests the classification of the exceptional industrial heritage of the site in the Historic Monuments List. <\/em><br \/><strong>August 3<sup><sub>rd,<\/sub><\/sup> 2008<\/strong><\/p>\n<p>Available only in the Romanian section of the site<\/p>\n<h2>\u00a0<\/h2>\n<p><img loading=\"lazy\" decoding=\"async\" title=\"rm\" src=\"\/pictures\/rm.jpg\" alt=\"rm\" width=\"82\" height=\"82\" align=\"left\" \/><a href=\"\/the-international-union\/\"><strong> RO\u015eIA MONTAN\u0102:<\/strong><br \/><em>Press release &#8211; ARA Association (Architecture. Restoration. Archeology)<\/em><br \/><em>International Union of Architects asks for the rescue of Ro\u015fia Montan\u0103 site<\/em><\/a><strong>\u00a0<\/strong><\/p>\n<p><strong>July 10<sup><sub>th<\/sub><\/sup> , 2008<\/strong><\/p>\n<h2>\u00a0<\/h2>\n<p><img loading=\"lazy\" decoding=\"async\" title=\"bisungheni_120\" src=\"\/pictures\/bisungheni_120.jpg\" alt=\"bisungheni_120\" width=\"82\" height=\"82\" \/><strong>UNGHENI: The Former Greek-Catholic Church<\/strong><\/p>\n<p><em>Excerpt from the Alba Iulia and F\u0103g\u0103ra\u0219 Archdiocese&#8217;s press statement <\/em><\/p>\n<p><strong>May 16th, 2008 <\/strong><\/p>\n<p>Available only in the Romanian section of the site<\/p>\n<h2>\u00a0<\/h2>\n<p><img loading=\"lazy\" decoding=\"async\" title=\"img10\" src=\"\/pictures\/img10.jpg\" alt=\"img10\" width=\"80\" height=\"81\" align=\"left\" \/><a href=\"\/including-the-valuable-constructions\/\"><strong>RO\u015eIA MONTAN\u0102:<\/strong><br \/><em>Including the valuable constructions threaded by Ro\u015fia Montan\u0103 Gold Corporation into the Historical Monuments List <\/em><br \/><\/a><strong>October 9<sup><sub>th<\/sub><\/sup>, 2007<\/strong><\/p>\n<p>\u00a0<\/p>\n<h2>\u00a0<\/h2>\n<strong><img loading=\"lazy\" decoding=\"async\" title=\"rm\" src=\"\/pictures\/rm.jpg\" alt=\"rm\" width=\"82\" height=\"82\" align=\"left\" \/> RO\u015eIA MONTAN\u0102: Management Plan of the\u00a0Ro\u015fia Montan\u0103 Historic Centre<\/strong><br \/>Press release &#8211; ARA Association &#8211; 27<sup>th<\/sup> June 2007 (Available only in the Romanian section of the site)<br \/><a href=\"\/Opus_letter__2_.pdf\">Letter addresed by S.C. Opus &#8211; ATELIER DE ARHITECTUR\u0102 S.R.L. to the Minister of Environment and Sustainable Development, mr. Attila Korodi <\/a><br \/><strong>June 27<sup><sub>th,<\/sub><\/sup> 2007<\/strong>\n<h2>\u00a0<\/h2>\n<p><img loading=\"lazy\" decoding=\"async\" style=\"width: 82px; height: 82px;\" title=\"10_prob_120\" src=\"\/pictures\/10_prob_120.jpg\" alt=\"10_prob_120\" width=\"82\" height=\"82\" align=\"left\" \/><\/p>\n<p><strong><a href=\"\/bucharest-sf-iosif-st-joseph-cathedral\/\">BUCHAREST: Sf. Iosif (St. Joseph) Cathedral<\/a><\/strong><\/p>\n<p><em><a href=\"\/bucharest-sf-iosif-st-joseph-cathedral\/\">No comment<br \/><\/a><\/em><\/p>\n<p><strong>April 2<sub><sup>nd<\/sup><\/sub>,\u00a0\u00a02007<\/strong><\/p>\n<h2>\u00a0<\/h2>\n<p><strong><img loading=\"lazy\" decoding=\"async\" title=\"ibidas\" src=\"\/pictures\/ibidas.jpg\" alt=\"ibidas\" width=\"82\" height=\"82\" align=\"left\" \/> SLAVA RUS\u0102: Roman Fortress of Ibida <\/strong><br \/><em>The Paleo-Christian Monastic Complex was destroyed<\/em><br \/><strong>February 8<sup><sub>th<\/sub><\/sup>, 2007<\/strong><\/p>\n<p>Available only in the Romanian section of the site<\/p>\n<h2>\u00a0<\/h2>\n<p><img loading=\"lazy\" decoding=\"async\" title=\"rm\" src=\"\/pictures\/rm.jpg\" alt=\"rm\" width=\"82\" height=\"82\" align=\"left\" \/> <strong><a href=\"\/rosia-montana-management\/\">RO\u015eIA MONTAN\u0102: MANAGEMENT PLAN FOR THE RO\u015eIA MONTAN\u0102 HISTORIC CENTRE<\/a> <\/strong><a href=\"\/rosia-montana-management\/\"><br \/><em>Press release &#8211; S.C. OPUS ATELIER DE ARHITECTUR\u0102 S.R.L.<\/em><\/a><strong>\u00a0<\/strong><\/p>\n<p><strong>August 13<sup><sub>th,<\/sub><\/sup> 2006<\/strong><\/p>\n<h2>\u00a0<\/h2>\n<p><strong><img loading=\"lazy\" decoding=\"async\" style=\"width: 82px; height: 82px;\" title=\"_h102213_120_01\" src=\"\/pictures\/_h102213_120_01.jpg\" alt=\"_h102213_120_01\" width=\"82\" height=\"82\" align=\"left\" \/><a href=\"\/bucharest-19th-century-fortifications\/\">BUCHAREST: 19th Century Fortifications<\/a> <\/strong><\/p>\n<p><a href=\"\/bucharest-19th-century-fortifications\/\"><em>Fort 1 &#8211; Chitila<\/em><\/a><\/p>\n<p><strong>June 26<sup>th<\/sup>, 2006<\/strong><\/p>\n<p>\u00a0<\/p>\n<h2>\u00a0<\/h2>\n<p><strong><a href=\"\/murfatlar-the-archaeological-site\/\"><img loading=\"lazy\" decoding=\"async\" style=\"width: 82px; height: 82px;\" title=\"basarabi_murfatlar__tumbnail_120_03\" src=\"\/pictures\/basarabi_murfatlar__tumbnail_120_03.jpg\" alt=\"basarabi_murfatlar__tumbnail_120_03\" width=\"82\" height=\"82\" \/>MURFATLAR: Archaeological site<\/a><\/strong><\/p>\n<p><em><a href=\"\/murfatlar-the-archaeological-site\/\">The Rupestrian Religious complex in Basarabi<\/a><\/em><\/p>\n<p><strong>June 15<sub><sup>th<\/sup><\/sub>, 2006 <\/strong><\/p>\n<p>\u00a0<\/p>\n<h2>\u00a0<\/h2>\n<p><strong><a href=\"\/pictures\/mip_sfndzen.swf\"><img loading=\"lazy\" decoding=\"async\" style=\"width: 82px; height: 82px;\" title=\"55441_1_120_01\" src=\"\/pictures\/55441_1_120_01.jpg\" alt=\"55441_1_120_01\" width=\"82\" height=\"82\" align=\"left\" \/>BUCHAREST: Sf. Nicolae Dintr-o Zi Church<\/a><\/strong><\/p>\n<p><a href=\"\/pictures\/mip_sfndzen.swf\"><em>Vademecum for the Church Restorer<\/em><\/a><\/p>\n<p><strong>January 26<sup>th<\/sup>, 2006<\/strong><\/p>\n<h2>\u00a0<\/h2>\n<p><strong><img loading=\"lazy\" decoding=\"async\" title=\"macca\" src=\"\/pictures\/macca.jpg\" alt=\"macca\" width=\"82\" height=\"81\" align=\"left\" \/> BUCHAREST: Vasile P\u00e2rvan Institute of Archaeology<\/strong><br \/><em>Macca House<\/em><br \/><strong>April 3<sub><sup>rd,<\/sup><\/sub> 2006<\/strong><\/p>\n<p>Available only in the Romanian section of the site<\/p>\n<h2>\u00a0<\/h2>\n<p><strong><a href=\"\/floresti-cantacuzino-palace\/\"><img loading=\"lazy\" decoding=\"async\" style=\"width: 82px; height: 82px;\" title=\"floresti1_3_120\" src=\"\/pictures\/floresti1_3_120.jpg\" alt=\"floresti1_3_120\" width=\"82\" height=\"82\" align=\"left\" \/>FLORE\u0218TI: Cantacuzino Palace<\/a><\/strong><\/p>\n<p><em><a href=\"\/floresti-cantacuzino-palace\/\">The little Trianon from Flore\u0219ti<\/a><\/em><\/p>\n<p><strong>December 8<sup>th<\/sup>, 2005<\/strong><\/p>\n<p>\u00a0<\/p>\n<h2>\u00a0<\/h2>\n<p>\u00a0<\/p>\n<p><img loading=\"lazy\" decoding=\"async\" title=\"pict0296_120\" src=\"\/pictures\/pict0296_120.jpg\" alt=\"pict0296_120\" width=\"82\" height=\"82\" align=\"left\" \/><a href=\"\/rau-de-mori-candestis-manor\/\">R\u00c2U DE MORI: C\u00e2nde\u0219ti&#8217;s Manor<br \/><\/a><\/p>\n<p><a href=\"\/rau-de-mori-candestis-manor\/\">The Manor of R\u00e2u de Mori<\/a><\/p>\n<p>Novembre 3rd, 2005<\/p>\n<p>Available only in the Romanian section of the site<\/p>\n<h2>\u00a0<\/h2>\n<p><img loading=\"lazy\" decoding=\"async\" style=\"width: 82px; height: 83px;\" title=\"thumb_cluj_120\" src=\"\/pictures\/thumb_cluj_120.jpg\" alt=\"thumb_cluj_120\" width=\"82\" height=\"83\" align=\"left\" \/><strong>CLUJ, PIA\u0162A UNIRII: Roman vestiges<\/strong><\/p>\n<p><em>From a professional point of view, the subject of a competition aiming to point out archaeological vestiges of Pia\u0163a Unirii, could not be limited to the archaeological researched areas, without the risk of lamentable failure<\/em><\/p>\n<p><strong>25<sup>th<\/sup> Octobre 2005<\/strong><\/p>\n<p>Available only in the Romanian section of the site<\/p>\n<h2>\u00a0<\/h2>\n<p><img loading=\"lazy\" decoding=\"async\" style=\"width: 82px; height: 83px;\" title=\"thumb_cluj_120\" src=\"\/pictures\/thumb_cluj_120.jpg\" alt=\"thumb_cluj_120\" width=\"82\" height=\"83\" align=\"left\" \/><strong>CLUJ, PIA\u0162A UNIRII: Roman vestiges<\/strong><\/p>\n<p><em>Finally, in the center of a transylvanian town anyone can see a Roman edifice, wich is to be pointed out as everywhere in the civilized world it is done<\/em><\/p>\n<p><strong>24<sup>th<\/sup> Octobre 2005<\/strong><\/p>\n<p>Available only in the Romanian section of the site<\/p>\n<h2>\u00a0<\/h2>\n<p><img loading=\"lazy\" decoding=\"async\" style=\"width: 82px; height: 83px;\" title=\"thumb_cluj_120\" src=\"\/pictures\/thumb_cluj_120.jpg\" alt=\"thumb_cluj_120\" width=\"82\" height=\"83\" align=\"left\" \/><strong>CLUJ, PIA\u0162A UNIRII:<\/strong>\u00a0<strong>Roman vestiges<\/strong><\/p>\n<p><em><em>The time has come that the problem of archaeological excavations in Pia<\/em><em>\u0163a Unirii to be approached with the necessary competence!<\/em><\/em><\/p>\n<p><strong> Octobre 10<sup>th<\/sup>, 2005<\/strong><\/p>\n<p>Available only in the Romanian section of the site<\/p>\n<p>\u00a0<\/p>\n<h2>\u00a0<\/h2>\n<img loading=\"lazy\" decoding=\"async\" style=\"width: 82px; height: 83px;\" title=\"thumb_cluj_120\" src=\"\/pictures\/thumb_cluj_120.jpg\" alt=\"thumb_cluj_120\" width=\"82\" height=\"83\" align=\"left\" \/>\n<p><strong>CLUJ, PIA\u0162A UNIRII:<\/strong> <strong>Roman vestiges <\/strong><\/p>\n<p><em>Archaeology or \u201dRag\u201d Bead Game?<\/em><\/p>\n<p><strong>October 7<sub><sup>th<\/sup><\/sub>, 2005<\/strong><\/p>\n<p>Available only in the Romanian section of the site<\/p>\n","protected":false},"excerpt":{"rendered":"<p>\u00a0 Statistic data on the condition state constructed heritage of Romania are disquieting: 75% of the historical monuments are in danger and 35% of them are in advanced state of degradation. In these conditions,&#46;&#46;&#46;<\/p>\n","protected":false},"author":1,"featured_media":0,"parent":0,"menu_order":0,"comment_status":"closed","ping_status":"closed","template":"","meta":{"footnotes":""},"class_list":["post-813","page","type-page","status-publish","hentry"],"_links":{"self":[{"href":"https:\/\/simpara.ro\/index.php?rest_route=\/wp\/v2\/pages\/813","targetHints":{"allow":["GET"]}}],"collection":[{"href":"https:\/\/simpara.ro\/index.php?rest_route=\/wp\/v2\/pages"}],"about":[{"href":"https:\/\/simpara.ro\/index.php?rest_route=\/wp\/v2\/types\/page"}],"author":[{"embeddable":true,"href":"https:\/\/simpara.ro\/index.php?rest_route=\/wp\/v2\/users\/1"}],"replies":[{"embeddable":true,"href":"https:\/\/simpara.ro\/index.php?rest_route=%2Fwp%2Fv2%2Fcomments&post=813"}],"version-history":[{"count":114,"href":"https:\/\/simpara.ro\/index.php?rest_route=\/wp\/v2\/pages\/813\/revisions"}],"predecessor-version":[{"id":4484,"href":"https:\/\/simpara.ro\/index.php?rest_route=\/wp\/v2\/pages\/813\/revisions\/4484"}],"wp:attachment":[{"href":"https:\/\/simpara.ro\/index.php?rest_route=%2Fwp%2Fv2%2Fmedia&parent=813"}],"curies":[{"name":"wp","href":"https:\/\/api.w.org\/{rel}","templated":true}]}}